{"id":10051,"date":"2022-06-01T18:19:32","date_gmt":"2022-06-01T18:19:32","guid":{"rendered":"https:\/\/dev.platform24.com\/events\/"},"modified":"2023-12-12T10:41:32","modified_gmt":"2023-12-12T10:41:32","slug":"events","status":"publish","type":"page","link":"https:\/\/dev.platform24.com\/sv\/events\/","title":{"rendered":"Webinars &amp; Events"},"content":{"rendered":"\n<section class=\"wp-block-mkl-section-block has-color-white-background-color\" style=\"padding-bottom:60px;padding-top:60px\">\n<div class=\"wp-block-group\"><div class=\"wp-block-group__inner-container is-layout-flow wp-block-group-is-layout-flow\">\n<h1 class=\"wp-block-heading has-text-align-center is-style-Header-large\" id=\"h-webinars-amp-events\">Webinars och Evenemang<\/h1>\n\n\n\n<div class=\"wp-block-columns is-layout-flex wp-container-core-columns-is-layout-9d6595d7 wp-block-columns-is-layout-flex\">\n<div class=\"wp-block-column is-layout-flow wp-block-column-is-layout-flow\" style=\"flex-basis:25%\"><\/div>\n\n\n\n<div class=\"wp-block-column is-layout-flow wp-block-column-is-layout-flow\" style=\"flex-basis:70%\">\n<h2 class=\"wp-block-heading has-text-align-center is-style-Paragraph-large\" id=\"h-here-you-will-find-information-about-our-upcoming-events-and-can-download-our-past-seminars-and-webinars\">H\u00e4r finner du information om v\u00e5ra kommande evenemang och kan se v\u00e5ra f\u00f6rel\u00e4sningar fr\u00e5n tidigare events.<\/h2>\n<\/div>\n\n\n\n<div class=\"wp-block-column is-layout-flow wp-block-column-is-layout-flow\" style=\"flex-basis:25%\"><\/div>\n<\/div>\n\n\n<\/div><\/div>\n<\/section>\n\n\n\n<section class=\"wp-block-mkl-section-block has-color-white-background-color\" style=\"padding-bottom:60px;padding-top:20px\">\n<div class=\"wp-block-group\"><div class=\"wp-block-group__inner-container is-layout-flow wp-block-group-is-layout-flow\">\n<div class=\"wp-block-columns is-layout-flex wp-container-core-columns-is-layout-9d6595d7 wp-block-columns-is-layout-flex\">\n<div class=\"wp-block-column is-layout-flow wp-block-column-is-layout-flow\">\n<p class=\"has-color-red-orange-color has-text-color\">CONFERENCE<\/p>\n\n\n\n<h2 class=\"wp-block-heading is-style-Header-medium\" id=\"h-vitalis-remote-patient-monitoring-21th-november-2023\"><strong>Vitalis \u2013 Egenmonitorering<\/strong><br><strong>21&nbsp;november&nbsp;2023<\/strong><\/h2>\n\n\n\n<div style=\"height:10px\" aria-hidden=\"true\" class=\"wp-block-spacer\"><\/div>\n\n\n\n<p class=\"location has-color-grey-body-text-grey-color has-text-color has-medium-font-size\" style=\"font-style:normal;font-weight:300\">7A Posthuset, Stockholm<\/p>\n\n\n\n<p style=\"font-size:22px;font-style:normal;font-weight:300\">I omst\u00e4llningen till en verkligt n\u00e4ra och personcentrerad v\u00e5rd beh\u00f6ver sjukhusens, prim\u00e4rv\u00e5rdens och den kommunala h\u00e4lso- och sjukv\u00e5rdens roller utvecklas.<\/p>\n\n\n\n<p><\/p>\n\n\n\n<div class=\"wp-block-buttons is-layout-flex wp-block-buttons-is-layout-flex\">\n<div class=\"wp-block-button\"><a class=\"wp-block-button__link wp-element-button\" href=\"https:\/\/dev.platform24.com\/sv\/event\/vitalis-egenmonitorering-21-november-2023\/\">L\u00e4s mer<\/a><\/div>\n<\/div>\n<\/div>\n\n\n\n<div class=\"wp-block-column is-layout-flow wp-block-column-is-layout-flow\"><div class=\"wp-block-image is-style-p24-all-corners\">\n<figure class=\"aligncenter size-large\"><img loading=\"lazy\" decoding=\"async\" width=\"1024\" height=\"536\" src=\"https:\/\/dev.platform24.com\/wp-content\/uploads\/2023\/11\/vitalis-remote-patient-monitoring-web-1024x536.png\" alt=\"\" class=\"wp-image-6956\"\/><\/figure>\n<\/div><\/div>\n<\/div>\n<\/div><\/div>\n\n\n<\/section>\n\n\n\n<section class=\"wp-block-mkl-section-block has-color-white-background-color\" style=\"padding-bottom:60px;padding-top:30px\">\n<div class=\"wp-block-group\"><div class=\"wp-block-group__inner-container is-layout-flow wp-block-group-is-layout-flow\">\n<h1 class=\"wp-block-heading has-text-align-center is-style-Header-medium\" id=\"h-come-meet-us\">Come meet us<\/h1>\n\n\n\n<div style=\"height:30px\" aria-hidden=\"true\" class=\"wp-block-spacer\"><\/div>\n\n\n\n\n                \n            <ul class=\"events-category-list  text-center \">\n                                    <li class=\" \">\n                        <a href=\"https:\/\/dev.platform24.com\/sv\/\/events-archive\/category\/exhibition-sv\" class=\"mb-2\" >\n                            M\u00e4ssor                        <\/a>\n                    <\/li>\n                                        <li class=\" \">\n                        <a href=\"https:\/\/dev.platform24.com\/sv\/\/events-archive\/category\/seminars-sv\" class=\"mb-2\" >\n                            Seminarier                        <\/a>\n                    <\/li>\n                                        <li class=\" \">\n                        <a href=\"https:\/\/dev.platform24.com\/sv\/\/events-archive\/category\/webinar-sv\" class=\"mb-2\" >\n                            Webinarier                        <\/a>\n                    <\/li>\n                                    <li class=\"\">\n                    <a href=\"https:\/\/dev.platform24.com\/sv\/\/events\" >\n                        Alla evenemang                    <\/a>\n                <\/li>\n            <\/ul><\/div><\/div>\n<\/section>\n\n\n\n<section class=\"wp-block-mkl-section-block has-color-grey-background-grey-background-color\" style=\"padding-bottom:60px;padding-top:60px\">\n<div class=\"wp-block-group\"><div class=\"wp-block-group__inner-container is-layout-flow wp-block-group-is-layout-flow\">\n<div class=\"wp-block-columns is-layout-flex wp-container-core-columns-is-layout-9d6595d7 wp-block-columns-is-layout-flex\">\n<div class=\"wp-block-column is-layout-flow wp-block-column-is-layout-flow\">\n<h2 class=\"wp-block-heading mb-5\" id=\"h-upcoming-events\">Upcoming events<\/h2>\n<\/div>\n\n\n\n<div class=\"wp-block-column is-layout-flow wp-block-column-is-layout-flow\">\n<div class=\"wp-block-buttons mb-3 is-content-justification-right is-layout-flex wp-container-core-buttons-is-layout-765c4724 wp-block-buttons-is-layout-flex\">\n<div class=\"wp-block-button\"><a class=\"wp-block-button__link wp-element-button\" href=\"https:\/\/dev.platform24.com\/sv\/events-archive\">See all upcoming events<\/a><\/div>\n<\/div>\n<\/div>\n<\/div>\n\n\n<div class=\"events-list-wrapper\">\n    <div class=\"row gx-5\">\n                    <section class=\"wp-block-mkl-section-block alignfull \" style=\"padding-bottom:60px;padding-top:0px\">\n\n\n                <div class=\"wp-block-media-text alignwide has-media-on-the-right is-stacked-on-mobile is-image-fill has-color-white-background-color has-background events-no-events-box\" style=\"grid-template-columns:auto 40%; box-shadow: var(--box-shadow-1)\"><div class=\"wp-block-media-text__content\">\n                        <h2 class=\"is-style-Title-content\">Snart kommer nya evenemang!<\/h2>\n\n\n\n                        <p>Anm\u00e4l dig till v\u00e5rt nyhetsbrev f\u00f6r att f\u00e5 information om nya evenemang och aktiviteter.<\/p>\n                                <div class=\"is-layout-flex wp-block-buttons is-style-btn-content\">\n                                <div class=\"wp-block-button\"><a class=\"wp-block-button__link wp-element-button\" href=\"https:\/\/platform24.com\/sv\/newsletter\/\">Anm\u00e4l dig till v\u00e5rt nyhetsbrev<\/a><\/div>\n                            <\/div>\n                        <\/div>\n                    <figure class=\"wp-block-media-text__media  has-color-white-background-color\" style=\"background-image:url(https:\/\/dev.platform24.com\/wp-content\/uploads\/2023\/01\/coming-soon-im-events.png);background-position:50% 50%\"><img decoding=\"async\" loading=\"lazy\" width=\"1024\" height=\"682\" src=\"\" alt=\"\" class=\"wp-image-3088 size-full\"><\/figure>\n                <\/div>       \n\n            <\/section>        \n\n            <\/div>\n<\/div>\n\n\n\n\n\n\n<div class=\"wp-block-columns is-layout-flex wp-container-core-columns-is-layout-9d6595d7 wp-block-columns-is-layout-flex\">\n<div class=\"wp-block-column is-layout-flow wp-block-column-is-layout-flow\">\n<h2 class=\"wp-block-heading mb-5\" id=\"h-past-events\">Past events<\/h2>\n<\/div>\n\n\n\n<div class=\"wp-block-column is-layout-flow wp-block-column-is-layout-flow\">\n<div class=\"wp-block-buttons mb-3 is-content-justification-right is-layout-flex wp-container-core-buttons-is-layout-765c4724 wp-block-buttons-is-layout-flex\">\n<div class=\"wp-block-button\"><a class=\"wp-block-button__link wp-element-button\" href=\"https:\/\/dev.platform24.com\/sv\/events-archive\/?tribe_event_display=past\">See all past events<\/a><\/div>\n<\/div>\n<\/div>\n<\/div>\n\n\n\n\n<div class=\"events-list-wrapper\">\n    <div class=\"row gx-5\">\n        \n\n<div class=\"col-12  col-lg-4  mb-5\">\n    <a href=\"https:\/\/dev.platform24.com\/sv\/event\/vitalis-egenmonitorering-21-november-2023\/\" class=\"article-box event-box blog24 flex-column d-flex align-items-start h-100 \">\n        <div class=\"ratio ratio-16x9\">\n            <div  href=\"https:\/\/dev.platform24.com\/sv\/event\/vitalis-egenmonitorering-21-november-2023\/\" class=\"embed-responsive-item d-flex align-items-center justify-content-center\" style=\"background-image: url('https:\/\/dev.platform24.com\/wp-content\/uploads\/2023\/11\/vitalis-remote-patient-monitoring-web.png'); \">\n                <!--<div class=\"play-button\"><\/div>-->\n            <\/div>\n        <\/div>\n        <div class=\"w-100 p-4 pt-3 pb-3\">\n            <div class=\"row d-flex align-items-center mb-2\">\n                <div class=\"col-6\">\n                    \n                    <ul class=\"taglist\">\n\n                        <li class=\"text-uppercase\">M\u00e4ssor<\/li>                    <\/ul>                    \n                <\/div>\n                <div class=\"col-6 text-end\">\n                                            <p class=\"is-style-Small-text mb-0 text-capitalize\">november 21, 2023<\/p>\n\n                    \n                <\/div>\n            <\/div>\n\n            <h3 class=\"is-style-Action-Title\">Vitalis &#8211; Egenmonitorering 21 november 2023<\/h3>\n            <p>I omst\u00e4llningen till en verkligt n\u00e4ra och personcentrerad v\u00e5rd beh\u00f6ver sjukhusens, prim\u00e4rv\u00e5rdens och den kommunala h\u00e4lso- och sjukv\u00e5rdens roller utvecklas.<\/p>\n            <p class=\" location-marker\">7A Posthuset<\/p>\n\n                    <\/div>\n          \n\n    <\/a>\n<\/div>\n\n\n\n\n\n\n<div class=\"col-12  col-lg-4  mb-5\">\n    <a href=\"https:\/\/dev.platform24.com\/sv\/event\/almedalen-2023\/\" class=\"article-box event-box blog24 flex-column d-flex align-items-start h-100 \">\n        <div class=\"ratio ratio-16x9\">\n            <div  href=\"https:\/\/dev.platform24.com\/sv\/event\/almedalen-2023\/\" class=\"embed-responsive-item d-flex align-items-center justify-content-center\" style=\"background-image: url('https:\/\/dev.platform24.com\/wp-content\/uploads\/2023\/12\/post-news-blog-web-3.webp'); \">\n                <!--<div class=\"play-button\"><\/div>-->\n            <\/div>\n        <\/div>\n        <div class=\"w-100 p-4 pt-3 pb-3\">\n            <div class=\"row d-flex align-items-center mb-2\">\n                <div class=\"col-6\">\n                    \n                    <ul class=\"taglist\">\n\n                        <li class=\"text-uppercase\">M\u00e4ssor<\/li>                    <\/ul>                    \n                <\/div>\n                <div class=\"col-6 text-end\">\n                                            <p class=\"is-style-Small-text mb-0 text-capitalize\">juni 29, 2023, 18:00<\/p>\n\n                    \n                <\/div>\n            <\/div>\n\n            <h3 class=\"is-style-Action-Title\">Almedalen 2023<\/h3>\n            <p>I samtliga svenska regioner p\u00e5g\u00e5r nu en storskalig digitalisering av sjukv\u00e5rden. M\u00e5let \u00e4r h\u00f6gre tillg\u00e4nglighet, effektivare resursanv\u00e4ndning och f\u00f6rb\u00e4ttrad arbetsmilj\u00f6. Men om inte styrning och uppf\u00f6ljning styr mot m\u00e5let \u00e4r risken p\u00e5taglig att digitaliseringssatsningarna inte ger avsett resultat.<\/p>\n            <p class=\" location-marker\">Gotland<\/p>\n\n                    <\/div>\n          \n\n    <\/a>\n<\/div>\n\n\n\n\n\n\n<div class=\"col-12  col-lg-4  mb-5\">\n    <a href=\"https:\/\/dev.platform24.com\/sv\/event\/egenmonitorering-lardomar-fran-nederlanderna\/\" class=\"article-box event-box blog24 flex-column d-flex align-items-start h-100 \">\n        <div class=\"ratio ratio-16x9\">\n            <div  href=\"https:\/\/dev.platform24.com\/sv\/event\/egenmonitorering-lardomar-fran-nederlanderna\/\" class=\"embed-responsive-item d-flex align-items-center justify-content-center\" style=\"background-image: url('https:\/\/dev.platform24.com\/wp-content\/uploads\/2023\/12\/post-news-blog-web.webp'); \">\n                <!--<div class=\"play-button\"><\/div>-->\n            <\/div>\n        <\/div>\n        <div class=\"w-100 p-4 pt-3 pb-3\">\n            <div class=\"row d-flex align-items-center mb-2\">\n                <div class=\"col-6\">\n                    \n                    <ul class=\"taglist\">\n\n                        <li class=\"text-uppercase\">Webinarier<\/li>                    <\/ul>                    \n                <\/div>\n                <div class=\"col-6 text-end\">\n                                            <p class=\"is-style-Small-text mb-0 text-capitalize\">juni 21, 2023, 13:00<\/p>\n\n                    \n                <\/div>\n            <\/div>\n\n            <h3 class=\"is-style-Action-Title\">Egenmonitorering &#8211; l\u00e4rdomar fr\u00e5n Nederl\u00e4nderna<\/h3>\n            <p>Hur blev egenmonitorering av patienter ett s\u00e5 viktigt verktyg f\u00f6r sjukv\u00e5rd och patienter i Nederl\u00e4nderna?<\/p>\n            <p class=\" location-marker\">Online<\/p>\n\n                    <\/div>\n          \n\n    <\/a>\n<\/div>\n\n\n\n\n    <\/div>\n<\/div>\n\n\n\n<\/div><\/div>\n<\/section>\n","protected":false},"excerpt":{"rendered":"<p>Find information about our coming events.<\/p>\n","protected":false},"author":2,"featured_media":0,"parent":0,"menu_order":0,"comment_status":"closed","ping_status":"closed","template":"","meta":{"_acf_changed":false,"_coblocks_attr":"","_coblocks_dimensions":"","_coblocks_responsive_height":"","_coblocks_accordion_ie_support":"","_EventAllDay":false,"_EventTimezone":"","_EventStartDate":"","_EventEndDate":"","_EventStartDateUTC":"","_EventEndDateUTC":"","_EventShowMap":false,"_EventShowMapLink":false,"_EventURL":"","_EventCost":"","_EventCostDescription":"","_EventCurrencySymbol":"","_EventCurrencyCode":"","_EventCurrencyPosition":"","_EventDateTimeSeparator":"","_EventTimeRangeSeparator":"","_EventOrganizerID":[],"_EventVenueID":[],"_OrganizerEmail":"","_OrganizerPhone":"","_OrganizerWebsite":"","_VenueAddress":"","_VenueCity":"","_VenueCountry":"","_VenueProvince":"","_VenueState":"","_VenueZip":"","_VenuePhone":"","_VenueURL":"","_VenueStateProvince":"","_VenueLat":"","_VenueLng":"","_VenueShowMap":false,"_VenueShowMapLink":false,"footnotes":""},"categories":[],"class_list":["post-10051","page","type-page","status-publish","hentry"],"acf":[],"yoast_head":"<!-- This site is optimized with the Yoast SEO plugin v23.0 - https:\/\/yoast.com\/wordpress\/plugins\/seo\/ -->\n<title>Events<\/title>\n<meta name=\"description\" content=\"Meet us at the Zorg &amp; ICT trade fair where we will share our vision and showcase our full-suite telehealth SaaS platform.\" \/>\n<meta name=\"robots\" content=\"noindex, follow, max-snippet:-1, max-image-preview:large, max-video-preview:-1\" \/>\n<meta property=\"og:locale\" content=\"sv_SE\" \/>\n<meta property=\"og:type\" content=\"article\" \/>\n<meta property=\"og:title\" content=\"Events\" \/>\n<meta property=\"og:description\" content=\"Meet us at the Zorg &amp; ICT trade fair where we will share our vision and showcase our full-suite telehealth SaaS platform.\" \/>\n<meta property=\"og:url\" content=\"https:\/\/dev.platform24.com\/sv\/events\/\" \/>\n<meta property=\"og:site_name\" content=\"Platform24\" \/>\n<meta property=\"article:modified_time\" content=\"2023-12-12T10:41:32+00:00\" \/>\n<meta property=\"og:image\" content=\"https:\/\/dev.platform24.com\/wp-content\/uploads\/2023\/11\/vitalis-remote-patient-monitoring-web-1024x536.png\" \/>\n<meta name=\"twitter:card\" content=\"summary_large_image\" \/>\n<meta name=\"twitter:label1\" content=\"Ber\u00e4knad l\u00e4stid\" \/>\n\t<meta name=\"twitter:data1\" content=\"1 minut\" \/>\n<script type=\"application\/ld+json\" class=\"yoast-schema-graph\">{\"@context\":\"https:\/\/schema.org\",\"@graph\":[{\"@type\":\"WebPage\",\"@id\":\"https:\/\/dev.platform24.com\/sv\/events\/\",\"url\":\"https:\/\/dev.platform24.com\/sv\/events\/\",\"name\":\"Events\",\"isPartOf\":{\"@id\":\"https:\/\/dev.platform24.com\/sv\/#website\"},\"primaryImageOfPage\":{\"@id\":\"https:\/\/dev.platform24.com\/sv\/events\/#primaryimage\"},\"image\":{\"@id\":\"https:\/\/dev.platform24.com\/sv\/events\/#primaryimage\"},\"thumbnailUrl\":\"https:\/\/dev.platform24.com\/wp-content\/uploads\/2023\/11\/vitalis-remote-patient-monitoring-web-1024x536.png\",\"datePublished\":\"2022-06-01T18:19:32+00:00\",\"dateModified\":\"2023-12-12T10:41:32+00:00\",\"description\":\"Meet us at the Zorg & ICT trade fair where we will share our vision and showcase our full-suite telehealth SaaS platform.\",\"breadcrumb\":{\"@id\":\"https:\/\/dev.platform24.com\/sv\/events\/#breadcrumb\"},\"inLanguage\":\"sv-SE\",\"potentialAction\":[{\"@type\":\"ReadAction\",\"target\":[\"https:\/\/dev.platform24.com\/sv\/events\/\"]}]},{\"@type\":\"ImageObject\",\"inLanguage\":\"sv-SE\",\"@id\":\"https:\/\/dev.platform24.com\/sv\/events\/#primaryimage\",\"url\":\"https:\/\/dev.platform24.com\/wp-content\/uploads\/2023\/11\/vitalis-remote-patient-monitoring-web-1024x536.png\",\"contentUrl\":\"https:\/\/dev.platform24.com\/wp-content\/uploads\/2023\/11\/vitalis-remote-patient-monitoring-web-1024x536.png\"},{\"@type\":\"BreadcrumbList\",\"@id\":\"https:\/\/dev.platform24.com\/sv\/events\/#breadcrumb\",\"itemListElement\":[{\"@type\":\"ListItem\",\"position\":1,\"name\":\"Home\",\"item\":\"https:\/\/dev.platform24.com\/sv\/\"},{\"@type\":\"ListItem\",\"position\":2,\"name\":\"Webinars &amp; Events\"}]},{\"@type\":\"WebSite\",\"@id\":\"https:\/\/dev.platform24.com\/sv\/#website\",\"url\":\"https:\/\/dev.platform24.com\/sv\/\",\"name\":\"Platform24\",\"description\":\"Modular healthtech for seamless care\",\"potentialAction\":[{\"@type\":\"SearchAction\",\"target\":{\"@type\":\"EntryPoint\",\"urlTemplate\":\"https:\/\/dev.platform24.com\/sv\/?s={search_term_string}\"},\"query-input\":\"required name=search_term_string\"}],\"inLanguage\":\"sv-SE\"}]}<\/script>\n<!-- \/ Yoast SEO plugin. -->","yoast_head_json":{"title":"Events","description":"Meet us at the Zorg & ICT trade fair where we will share our vision and showcase our full-suite telehealth SaaS platform.","robots":{"index":"noindex","follow":"follow","max-snippet":"max-snippet:-1","max-image-preview":"max-image-preview:large","max-video-preview":"max-video-preview:-1"},"og_locale":"sv_SE","og_type":"article","og_title":"Events","og_description":"Meet us at the Zorg & ICT trade fair where we will share our vision and showcase our full-suite telehealth SaaS platform.","og_url":"https:\/\/dev.platform24.com\/sv\/events\/","og_site_name":"Platform24","article_modified_time":"2023-12-12T10:41:32+00:00","og_image":[{"url":"https:\/\/dev.platform24.com\/wp-content\/uploads\/2023\/11\/vitalis-remote-patient-monitoring-web-1024x536.png"}],"twitter_card":"summary_large_image","twitter_misc":{"Ber\u00e4knad l\u00e4stid":"1 minut"},"schema":{"@context":"https:\/\/schema.org","@graph":[{"@type":"WebPage","@id":"https:\/\/dev.platform24.com\/sv\/events\/","url":"https:\/\/dev.platform24.com\/sv\/events\/","name":"Events","isPartOf":{"@id":"https:\/\/dev.platform24.com\/sv\/#website"},"primaryImageOfPage":{"@id":"https:\/\/dev.platform24.com\/sv\/events\/#primaryimage"},"image":{"@id":"https:\/\/dev.platform24.com\/sv\/events\/#primaryimage"},"thumbnailUrl":"https:\/\/dev.platform24.com\/wp-content\/uploads\/2023\/11\/vitalis-remote-patient-monitoring-web-1024x536.png","datePublished":"2022-06-01T18:19:32+00:00","dateModified":"2023-12-12T10:41:32+00:00","description":"Meet us at the Zorg & ICT trade fair where we will share our vision and showcase our full-suite telehealth SaaS platform.","breadcrumb":{"@id":"https:\/\/dev.platform24.com\/sv\/events\/#breadcrumb"},"inLanguage":"sv-SE","potentialAction":[{"@type":"ReadAction","target":["https:\/\/dev.platform24.com\/sv\/events\/"]}]},{"@type":"ImageObject","inLanguage":"sv-SE","@id":"https:\/\/dev.platform24.com\/sv\/events\/#primaryimage","url":"https:\/\/dev.platform24.com\/wp-content\/uploads\/2023\/11\/vitalis-remote-patient-monitoring-web-1024x536.png","contentUrl":"https:\/\/dev.platform24.com\/wp-content\/uploads\/2023\/11\/vitalis-remote-patient-monitoring-web-1024x536.png"},{"@type":"BreadcrumbList","@id":"https:\/\/dev.platform24.com\/sv\/events\/#breadcrumb","itemListElement":[{"@type":"ListItem","position":1,"name":"Home","item":"https:\/\/dev.platform24.com\/sv\/"},{"@type":"ListItem","position":2,"name":"Webinars &amp; Events"}]},{"@type":"WebSite","@id":"https:\/\/dev.platform24.com\/sv\/#website","url":"https:\/\/dev.platform24.com\/sv\/","name":"Platform24","description":"Modular healthtech for seamless care","potentialAction":[{"@type":"SearchAction","target":{"@type":"EntryPoint","urlTemplate":"https:\/\/dev.platform24.com\/sv\/?s={search_term_string}"},"query-input":"required name=search_term_string"}],"inLanguage":"sv-SE"}]}},"_links":{"self":[{"href":"https:\/\/dev.platform24.com\/sv\/wp-json\/wp\/v2\/pages\/10051","targetHints":{"allow":["GET"]}}],"collection":[{"href":"https:\/\/dev.platform24.com\/sv\/wp-json\/wp\/v2\/pages"}],"about":[{"href":"https:\/\/dev.platform24.com\/sv\/wp-json\/wp\/v2\/types\/page"}],"author":[{"embeddable":true,"href":"https:\/\/dev.platform24.com\/sv\/wp-json\/wp\/v2\/users\/2"}],"replies":[{"embeddable":true,"href":"https:\/\/dev.platform24.com\/sv\/wp-json\/wp\/v2\/comments?post=10051"}],"version-history":[{"count":3,"href":"https:\/\/dev.platform24.com\/sv\/wp-json\/wp\/v2\/pages\/10051\/revisions"}],"predecessor-version":[{"id":11177,"href":"https:\/\/dev.platform24.com\/sv\/wp-json\/wp\/v2\/pages\/10051\/revisions\/11177"}],"wp:attachment":[{"href":"https:\/\/dev.platform24.com\/sv\/wp-json\/wp\/v2\/media?parent=10051"}],"wp:term":[{"taxonomy":"category","embeddable":true,"href":"https:\/\/dev.platform24.com\/sv\/wp-json\/wp\/v2\/categories?post=10051"}],"curies":[{"name":"wp","href":"https:\/\/api.w.org\/{rel}","templated":true}]}}