{"id":9960,"date":"2023-05-10T08:57:15","date_gmt":"2023-05-10T08:57:15","guid":{"rendered":"https:\/\/dev.platform24.com\/webinar-video-digital-transformation-of-regional-care-innovation-and-efficiency-driven-by-technology\/"},"modified":"2023-05-10T08:57:15","modified_gmt":"2023-05-10T08:57:15","slug":"webinar-video-digital-transformation-of-regional-care-innovation-and-efficiency-driven-by-technology","status":"publish","type":"page","link":"https:\/\/dev.platform24.com\/sv\/events\/webinar-video-digital-transformation-of-regional-care-innovation-and-efficiency-driven-by-technology\/","title":{"rendered":"Webinar-video: Digital transformation of regional care: innovation and efficiency driven by technology."},"content":{"rendered":"\n<section class=\"wp-block-mkl-section-block has-color-blue-light-blue-background-color bottom-left-rounded-corner\" style=\"padding-bottom:100px;padding-top:100px\">\n<div class=\"wp-block-group\"><div class=\"wp-block-group__inner-container is-layout-flow wp-block-group-is-layout-flow\">\n<h1 class=\"wp-block-heading has-text-align-center is-style-Header-large has-color-white-color has-text-color\" id=\"h-thank-you-for-watching-the-webinar\">Thank you for watching the webinar!<\/h1>\n\n\n\n<div class=\"wp-block-group has-color-red-yellow-color has-text-color\"><div class=\"wp-block-group__inner-container is-layout-flow wp-block-group-is-layout-flow\"><ul class=\"events-taglist text-center mb-4\"><\/ul><\/div><\/div>\n<\/div><\/div>\n<\/section>\n\n\n\n<section class=\"wp-block-mkl-section-block has-color-white-background-color\" style=\"padding-bottom:60px;padding-top:60px\">\n<div class=\"wp-block-group\"><div class=\"wp-block-group__inner-container is-layout-flow wp-block-group-is-layout-flow\">\n\n                \n            <ul class=\"events-category-list \">\n                                    <li class=\" \">\n                        <a href=\"https:\/\/dev.platform24.com\/sv\/\/events-archive\/category\/exhibition-sv\" class=\"mb-2\" >\n                            M\u00e4ssor                        <\/a>\n                    <\/li>\n                                        <li class=\" \">\n                        <a href=\"https:\/\/dev.platform24.com\/sv\/\/events-archive\/category\/seminars-sv\" class=\"mb-2\" >\n                            Seminarier                        <\/a>\n                    <\/li>\n                                        <li class=\" \">\n                        <a href=\"https:\/\/dev.platform24.com\/sv\/\/events-archive\/category\/webinar-sv\" class=\"mb-2\" >\n                            Webinarier                        <\/a>\n                    <\/li>\n                                    <li class=\"\">\n                    <a href=\"https:\/\/dev.platform24.com\/sv\/\/events\" >\n                        Alla evenemang                    <\/a>\n                <\/li>\n            <\/ul><\/div><\/div>\n<\/section>\n\n\n\n<section class=\"wp-block-mkl-section-block has-color-blue-background-light-blue-background-color\" style=\"padding-bottom:60px;padding-top:60px\">\n<div class=\"wp-block-group\"><div class=\"wp-block-group__inner-container is-layout-flow wp-block-group-is-layout-flow\">\n<div class=\"wp-block-coblocks-row coblocks-row-43111101131\" data-columns=\"2\" data-layout=\"50-50\"><div class=\"wp-block-coblocks-row__inner has-no-padding has-no-margin is-stacked-on-mobile has-medium-gutter\">\n<div class=\"wp-block-coblocks-column coblocks-column-431111012364\" style=\"width:50%\"><div class=\"wp-block-coblocks-column__inner has-no-padding has-no-margin\">\n<h2 class=\"wp-block-heading is-style-Header-medium\" id=\"h-learnings-from-one-of-the-most-ambitious-transformation-projects-in-the-nordics\">Learnings from one of the most ambitious transformation projects in the Nordics.<\/h2>\n\n\n\n<p>Our focus is on innovation, as we believe transformation is essential to provide sustainable, high-quality, and accessible care<\/p>\n\n\n\n<p><\/p>\n\n\n\n<p>The good news is that we can achieve this without reinventing the wheel. By utilizing platforms that offer simplicity and efficiency, we can create a smoother healthcare system. These platforms have been referred to as the &#8221;lubricating oil&#8221; of the healthcare sector, and regional changes have shown to have a significant impact.<\/p>\n\n\n\n<p>For instance, G\u00e4vleborg, a Swedish region, has successfully integrated a new platform into their existing ecosystem, providing an unsurpassed patient experience for their 300,000 inhabitants. We can learn from their experiences and use them to deploy regional healthcare capacity more efficiently.<\/p>\n\n\n\n<p><\/p>\n\n\n\n<p>Watch our webinar, &#8221;Digital Transformation of Regional Care,&#8221; where we discovered how the Swedish transformation project can help us improve our healthcare system. <\/p>\n<\/div><\/div>\n\n\n\n<div class=\"wp-block-coblocks-column coblocks-column-431111012368\" style=\"width:50%\"><div class=\"wp-block-coblocks-column__inner has-no-padding has-no-margin\">\n<figure class=\"wp-block-embed is-type-video is-provider-vimeo wp-block-embed-vimeo wp-embed-aspect-16-9 wp-has-aspect-ratio\"><div class=\"wp-block-embed__wrapper\">\n<iframe loading=\"lazy\" title=\"Webinar 115-23\" src=\"https:\/\/player.vimeo.com\/video\/826129652?dnt=1&amp;app_id=122963\" width=\"474\" height=\"267\" frameborder=\"0\" allow=\"autoplay; fullscreen; picture-in-picture; clipboard-write\"><\/iframe>\n<\/div><\/figure>\n<\/div><\/div>\n<\/div><\/div>\n\n\n\n<div style=\"height:20px\" aria-hidden=\"true\" class=\"wp-block-spacer\"><\/div>\n\n\n\n<h3 class=\"wp-block-heading is-style-Title-content\"><strong><strong>Hosts<\/strong><\/strong><\/h3>\n\n\n\n<div style=\"height:20px\" aria-hidden=\"true\" class=\"wp-block-spacer\"><\/div>\n\n\n\n<div class=\"wp-block-columns is-layout-flex wp-container-core-columns-is-layout-9d6595d7 wp-block-columns-is-layout-flex\">\n<div class=\"wp-block-column is-layout-flow wp-block-column-is-layout-flow\">\n<div class=\"mb-5\">\n    <div class=\"link-box link-box-horizontal p-4 has-color-white-background-color\" >\n        <div class=\"row d-flex align-items-center\">\n            <div class=\"col-3\">\n                                    <div class=\"ratio ratio-1x1  blog-avatar\" style=\"background-image: url('https:\/\/dev.platform24.com\/wp-content\/uploads\/2023\/05\/screenshot-2023-05-12-at-164745-720x723.png'); background-size: cover; transition: all .3s ease-in-out;\" >\n\n                    <\/div>\n                            <\/div>\n            <div class=\"col-9\">\n                <h3 class=\"is-style-Action-title\">Simon Nilsson<\/h3>\n                <p class=\"is-style-Small-text has-color-grey-medium-grey-color mb-1\">Head of Business Development, region G\u00e4vleborg<\/p>   \n                <div class=\"row\">\n                    <div class=\"col-6\">\n                                                    <a class=\"share-linkedin\" href=\"https:\/\/www.linkedin.com\/in\/simon-nilsson-044078160\/\" target=\"_blank\" rel=\"nofollow\"><img decoding=\"async\" src=\"https:\/\/dev.platform24.com\/wp-content\/themes\/atlas\/linkedin-blue.svg\" class=\"me-3\" style=\"height: 1.2em;\"><\/a>\n                                            <\/div>\n                    <div class=\"col-6 text-end\">\n                                            <\/div>\n                <\/div>\n            <\/div>\n        <\/div>\n    <\/div>\n<\/div>\n\n\n<div class=\"mb-5\">\n    <div class=\"link-box link-box-horizontal p-4 has-color-white-background-color\" >\n        <div class=\"row d-flex align-items-center\">\n            <div class=\"col-3\">\n                                    <div class=\"ratio ratio-1x1  blog-avatar\" style=\"background-image: url('https:\/\/dev.platform24.com\/wp-content\/uploads\/2021\/10\/tobias-perdahl-doktor24-1-960x960-1-720x720.png'); background-size: cover; transition: all .3s ease-in-out;\" >\n\n                    <\/div>\n                            <\/div>\n            <div class=\"col-9\">\n                <h3 class=\"is-style-Action-title\">Tobias Perdahl<\/h3>\n                <p class=\"is-style-Small-text has-color-grey-medium-grey-color mb-1\">Chief Medical Officer, Platform24<\/p>   \n                <div class=\"row\">\n                    <div class=\"col-6\">\n                                                    <a class=\"share-linkedin\" href=\"https:\/\/www.linkedin.com\/in\/tobiasperdahl\/\" target=\"_blank\" rel=\"nofollow\"><img decoding=\"async\" src=\"https:\/\/dev.platform24.com\/wp-content\/themes\/atlas\/linkedin-blue.svg\" class=\"me-3\" style=\"height: 1.2em;\"><\/a>\n                                            <\/div>\n                    <div class=\"col-6 text-end\">\n                                                    <a class=\"speaker-logo\" href=\"\" target=\"_blank\" rel=\"nofollow\"><img decoding=\"async\" src=\"https:\/\/dev.platform24.com\/wp-content\/uploads\/2022\/04\/platform24-1-1-720x155.webp\" class=\"me-3\" style=\"height: 1.2em;\"><\/a>\n                                                <\/div>\n                <\/div>\n            <\/div>\n        <\/div>\n    <\/div>\n<\/div><\/div>\n\n\n\n<div class=\"wp-block-column is-layout-flow wp-block-column-is-layout-flow\">\n<div class=\"mb-5\">\n    <div class=\"link-box link-box-horizontal p-4 has-color-white-background-color\" >\n        <div class=\"row d-flex align-items-center\">\n            <div class=\"col-3\">\n                                    <div class=\"ratio ratio-1x1  blog-avatar\" style=\"background-image: url('https:\/\/dev.platform24.com\/wp-content\/uploads\/2023\/04\/jonathan-720x720.webp'); background-size: cover; transition: all .3s ease-in-out;\" >\n\n                    <\/div>\n                            <\/div>\n            <div class=\"col-9\">\n                <h3 class=\"is-style-Action-title\">Jonathan Ilicki<\/h3>\n                <p class=\"is-style-Small-text has-color-grey-medium-grey-color mb-1\">Facilitator &#038; Head of Medical Innovation<\/p>   \n                <div class=\"row\">\n                    <div class=\"col-6\">\n                                                    <a class=\"share-linkedin\" href=\"https:\/\/www.linkedin.com\/in\/jonathanilicki\/\" target=\"_blank\" rel=\"nofollow\"><img decoding=\"async\" src=\"https:\/\/dev.platform24.com\/wp-content\/themes\/atlas\/linkedin-blue.svg\" class=\"me-3\" style=\"height: 1.2em;\"><\/a>\n                                            <\/div>\n                    <div class=\"col-6 text-end\">\n                                                    <a class=\"speaker-logo\" href=\"\" target=\"_blank\" rel=\"nofollow\"><img decoding=\"async\" src=\"https:\/\/dev.platform24.com\/wp-content\/uploads\/2022\/04\/platform24-1-720x155.webp\" class=\"me-3\" style=\"height: 1.2em;\"><\/a>\n                                                <\/div>\n                <\/div>\n            <\/div>\n        <\/div>\n    <\/div>\n<\/div><\/div>\n<\/div>\n<\/div><\/div>\n<\/section>\n\n\n\n<section class=\"wp-block-mkl-section-block has-color-white-background-color\" style=\"padding-bottom:60px;padding-top:60px\">\n<div class=\"wp-block-group\"><div class=\"wp-block-group__inner-container is-layout-flow wp-block-group-is-layout-flow\">\n<h2 class=\"wp-block-heading mb-5 is-style-Header-medium has-color-blue-dark-blue-color has-text-color\" id=\"h-upcoming-events\">Upcoming events<\/h2>\n\n\n<div class=\"events-list-wrapper\">\n    <div class=\"row gx-5\">\n                    <section class=\"wp-block-mkl-section-block alignfull \" style=\"padding-bottom:60px;padding-top:0px\">\n\n\n                <div class=\"wp-block-media-text alignwide has-media-on-the-right is-stacked-on-mobile is-image-fill has-color-white-background-color has-background events-no-events-box\" style=\"grid-template-columns:auto 40%; box-shadow: var(--box-shadow-1)\"><div class=\"wp-block-media-text__content\">\n                        <h2 class=\"is-style-Title-content\">Snart kommer nya evenemang!<\/h2>\n\n\n\n                        <p>Anm\u00e4l dig till v\u00e5rt nyhetsbrev f\u00f6r att f\u00e5 information om nya evenemang och aktiviteter.<\/p>\n                                <div class=\"is-layout-flex wp-block-buttons is-style-btn-content\">\n                                <div class=\"wp-block-button\"><a class=\"wp-block-button__link wp-element-button\" href=\"https:\/\/platform24.com\/sv\/newsletter\/\">Anm\u00e4l dig till v\u00e5rt nyhetsbrev<\/a><\/div>\n                            <\/div>\n                        <\/div>\n                    <figure class=\"wp-block-media-text__media  has-color-white-background-color\" style=\"background-image:url(https:\/\/dev.platform24.com\/wp-content\/uploads\/2023\/01\/coming-soon-im-events.png);background-position:50% 50%\"><img decoding=\"async\" loading=\"lazy\" width=\"1024\" height=\"682\" src=\"\" alt=\"\" class=\"wp-image-3088 size-full\"><\/figure>\n                <\/div>       \n\n            <\/section>        \n\n            <\/div>\n<\/div>\n\n\n\n<\/div><\/div>\n<\/section>\n","protected":false},"excerpt":{"rendered":"<p>Digital transformation of regional care: innovation and efficiency driven by technology.<\/p>\n","protected":false},"author":2,"featured_media":0,"parent":10051,"menu_order":0,"comment_status":"closed","ping_status":"closed","template":"","meta":{"_acf_changed":false,"_coblocks_attr":"","_coblocks_dimensions":"","_coblocks_responsive_height":"","_coblocks_accordion_ie_support":"","_EventAllDay":false,"_EventTimezone":"","_EventStartDate":"","_EventEndDate":"","_EventStartDateUTC":"","_EventEndDateUTC":"","_EventShowMap":false,"_EventShowMapLink":false,"_EventURL":"","_EventCost":"","_EventCostDescription":"","_EventCurrencySymbol":"","_EventCurrencyCode":"","_EventCurrencyPosition":"","_EventDateTimeSeparator":"","_EventTimeRangeSeparator":"","_EventOrganizerID":[],"_EventVenueID":[],"_OrganizerEmail":"","_OrganizerPhone":"","_OrganizerWebsite":"","_VenueAddress":"","_VenueCity":"","_VenueCountry":"","_VenueProvince":"","_VenueState":"","_VenueZip":"","_VenuePhone":"","_VenueURL":"","_VenueStateProvince":"","_VenueLat":"","_VenueLng":"","_VenueShowMap":false,"_VenueShowMapLink":false,"footnotes":""},"categories":[],"class_list":["post-9960","page","type-page","status-publish","hentry"],"acf":[],"yoast_head":"<!-- This site is optimized with the Yoast SEO plugin v23.0 - https:\/\/yoast.com\/wordpress\/plugins\/seo\/ -->\n<title>Webinar-video: Digital transformation of regional care: innovation and efficiency driven by technology. - Platform24<\/title>\n<meta name=\"robots\" content=\"noindex, follow, max-snippet:-1, max-image-preview:large, max-video-preview:-1\" \/>\n<meta property=\"og:locale\" content=\"sv_SE\" \/>\n<meta property=\"og:type\" content=\"article\" \/>\n<meta property=\"og:title\" content=\"Webinar-video: Digital transformation of regional care: innovation and efficiency driven by technology. - Platform24\" \/>\n<meta property=\"og:description\" content=\"Digital transformation of regional care: innovation and efficiency driven by technology.\" \/>\n<meta property=\"og:url\" content=\"https:\/\/dev.platform24.com\/sv\/events\/webinar-video-digital-transformation-of-regional-care-innovation-and-efficiency-driven-by-technology\/\" \/>\n<meta property=\"og:site_name\" content=\"Platform24\" \/>\n<meta name=\"twitter:card\" content=\"summary_large_image\" \/>\n<meta name=\"twitter:label1\" content=\"Ber\u00e4knad l\u00e4stid\" \/>\n\t<meta name=\"twitter:data1\" content=\"1 minut\" \/>\n<script type=\"application\/ld+json\" class=\"yoast-schema-graph\">{\"@context\":\"https:\/\/schema.org\",\"@graph\":[{\"@type\":\"WebPage\",\"@id\":\"https:\/\/dev.platform24.com\/sv\/events\/webinar-video-digital-transformation-of-regional-care-innovation-and-efficiency-driven-by-technology\/\",\"url\":\"https:\/\/dev.platform24.com\/sv\/events\/webinar-video-digital-transformation-of-regional-care-innovation-and-efficiency-driven-by-technology\/\",\"name\":\"Webinar-video: Digital transformation of regional care: innovation and efficiency driven by technology. - Platform24\",\"isPartOf\":{\"@id\":\"https:\/\/dev.platform24.com\/sv\/#website\"},\"datePublished\":\"2023-05-10T08:57:15+00:00\",\"dateModified\":\"2023-05-10T08:57:15+00:00\",\"breadcrumb\":{\"@id\":\"https:\/\/dev.platform24.com\/sv\/events\/webinar-video-digital-transformation-of-regional-care-innovation-and-efficiency-driven-by-technology\/#breadcrumb\"},\"inLanguage\":\"sv-SE\",\"potentialAction\":[{\"@type\":\"ReadAction\",\"target\":[\"https:\/\/dev.platform24.com\/sv\/events\/webinar-video-digital-transformation-of-regional-care-innovation-and-efficiency-driven-by-technology\/\"]}]},{\"@type\":\"BreadcrumbList\",\"@id\":\"https:\/\/dev.platform24.com\/sv\/events\/webinar-video-digital-transformation-of-regional-care-innovation-and-efficiency-driven-by-technology\/#breadcrumb\",\"itemListElement\":[{\"@type\":\"ListItem\",\"position\":1,\"name\":\"Home\",\"item\":\"https:\/\/dev.platform24.com\/sv\/\"},{\"@type\":\"ListItem\",\"position\":2,\"name\":\"Webinar-video: Digital transformation of regional care: innovation and efficiency driven by technology.\"}]},{\"@type\":\"WebSite\",\"@id\":\"https:\/\/dev.platform24.com\/sv\/#website\",\"url\":\"https:\/\/dev.platform24.com\/sv\/\",\"name\":\"Platform24\",\"description\":\"Modular healthtech for seamless care\",\"potentialAction\":[{\"@type\":\"SearchAction\",\"target\":{\"@type\":\"EntryPoint\",\"urlTemplate\":\"https:\/\/dev.platform24.com\/sv\/?s={search_term_string}\"},\"query-input\":\"required name=search_term_string\"}],\"inLanguage\":\"sv-SE\"}]}<\/script>\n<!-- \/ Yoast SEO plugin. -->","yoast_head_json":{"title":"Webinar-video: Digital transformation of regional care: innovation and efficiency driven by technology. - Platform24","robots":{"index":"noindex","follow":"follow","max-snippet":"max-snippet:-1","max-image-preview":"max-image-preview:large","max-video-preview":"max-video-preview:-1"},"og_locale":"sv_SE","og_type":"article","og_title":"Webinar-video: Digital transformation of regional care: innovation and efficiency driven by technology. - Platform24","og_description":"Digital transformation of regional care: innovation and efficiency driven by technology.","og_url":"https:\/\/dev.platform24.com\/sv\/events\/webinar-video-digital-transformation-of-regional-care-innovation-and-efficiency-driven-by-technology\/","og_site_name":"Platform24","twitter_card":"summary_large_image","twitter_misc":{"Ber\u00e4knad l\u00e4stid":"1 minut"},"schema":{"@context":"https:\/\/schema.org","@graph":[{"@type":"WebPage","@id":"https:\/\/dev.platform24.com\/sv\/events\/webinar-video-digital-transformation-of-regional-care-innovation-and-efficiency-driven-by-technology\/","url":"https:\/\/dev.platform24.com\/sv\/events\/webinar-video-digital-transformation-of-regional-care-innovation-and-efficiency-driven-by-technology\/","name":"Webinar-video: Digital transformation of regional care: innovation and efficiency driven by technology. - Platform24","isPartOf":{"@id":"https:\/\/dev.platform24.com\/sv\/#website"},"datePublished":"2023-05-10T08:57:15+00:00","dateModified":"2023-05-10T08:57:15+00:00","breadcrumb":{"@id":"https:\/\/dev.platform24.com\/sv\/events\/webinar-video-digital-transformation-of-regional-care-innovation-and-efficiency-driven-by-technology\/#breadcrumb"},"inLanguage":"sv-SE","potentialAction":[{"@type":"ReadAction","target":["https:\/\/dev.platform24.com\/sv\/events\/webinar-video-digital-transformation-of-regional-care-innovation-and-efficiency-driven-by-technology\/"]}]},{"@type":"BreadcrumbList","@id":"https:\/\/dev.platform24.com\/sv\/events\/webinar-video-digital-transformation-of-regional-care-innovation-and-efficiency-driven-by-technology\/#breadcrumb","itemListElement":[{"@type":"ListItem","position":1,"name":"Home","item":"https:\/\/dev.platform24.com\/sv\/"},{"@type":"ListItem","position":2,"name":"Webinar-video: Digital transformation of regional care: innovation and efficiency driven by technology."}]},{"@type":"WebSite","@id":"https:\/\/dev.platform24.com\/sv\/#website","url":"https:\/\/dev.platform24.com\/sv\/","name":"Platform24","description":"Modular healthtech for seamless care","potentialAction":[{"@type":"SearchAction","target":{"@type":"EntryPoint","urlTemplate":"https:\/\/dev.platform24.com\/sv\/?s={search_term_string}"},"query-input":"required name=search_term_string"}],"inLanguage":"sv-SE"}]}},"_links":{"self":[{"href":"https:\/\/dev.platform24.com\/sv\/wp-json\/wp\/v2\/pages\/9960","targetHints":{"allow":["GET"]}}],"collection":[{"href":"https:\/\/dev.platform24.com\/sv\/wp-json\/wp\/v2\/pages"}],"about":[{"href":"https:\/\/dev.platform24.com\/sv\/wp-json\/wp\/v2\/types\/page"}],"author":[{"embeddable":true,"href":"https:\/\/dev.platform24.com\/sv\/wp-json\/wp\/v2\/users\/2"}],"replies":[{"embeddable":true,"href":"https:\/\/dev.platform24.com\/sv\/wp-json\/wp\/v2\/comments?post=9960"}],"version-history":[{"count":0,"href":"https:\/\/dev.platform24.com\/sv\/wp-json\/wp\/v2\/pages\/9960\/revisions"}],"up":[{"embeddable":true,"href":"https:\/\/dev.platform24.com\/sv\/wp-json\/wp\/v2\/pages\/10051"}],"wp:attachment":[{"href":"https:\/\/dev.platform24.com\/sv\/wp-json\/wp\/v2\/media?parent=9960"}],"wp:term":[{"taxonomy":"category","embeddable":true,"href":"https:\/\/dev.platform24.com\/sv\/wp-json\/wp\/v2\/categories?post=9960"}],"curies":[{"name":"wp","href":"https:\/\/api.w.org\/{rel}","templated":true}]}}