{"id":11141,"date":"2023-12-12T10:06:17","date_gmt":"2023-12-12T10:06:17","guid":{"rendered":"https:\/\/dev.platform24.com\/?post_type=tribe_events&#038;p=11141"},"modified":"2023-12-28T10:39:54","modified_gmt":"2023-12-28T10:39:54","slug":"almedalen-2023","status":"publish","type":"tribe_events","link":"https:\/\/dev.platform24.com\/sv\/event\/almedalen-2023\/","title":{"rendered":"Almedalen 2023"},"content":{"rendered":"\n<section class=\"wp-block-mkl-section-block has-color-blue-light-blue-background-color event-header\" style=\"padding-bottom:100px;padding-top:100px\">\n<div class=\"wp-block-group\"><div class=\"wp-block-group__inner-container is-layout-flow wp-block-group-is-layout-flow\">\n<h1 class=\"wp-block-heading has-text-align-center is-style-Header-large has-color-white-color has-text-color\" id=\"h-den-digitala-omstallningen-i-varden-pagar-men-haller-vardens-styrning-och-matning-kurs-mot-malet\"><strong>Den digitala omst\u00e4llningen i v\u00e5rden p\u00e5g\u00e5r \u2013 men h\u00e5ller v\u00e5rdens styrning och m\u00e4tning kurs mot m\u00e5let?<\/strong><\/h1>\n\n\n\n<div class=\"wp-block-group has-color-white-color has-text-color\"><div class=\"wp-block-group__inner-container is-layout-flow wp-block-group-is-layout-flow\"><div  class=\"tribe-events-schedule tribe-clearfix\" >\n\t<h2 class=\"tribe-events-schedule__datetime\">\n\t\t<span class=\"tribe-events-schedule__date tribe-events-schedule__date--start\">\n\t\t\tjuni 29, 2023\t\t<\/span>\n\n\t\t\t\t\t<span class=\"tribe-events-schedule__separator tribe-events-schedule__separator--date\">\n\t\t\t\t,\t\t\t<\/span>\n\t\t\t<span class=\"tribe-events-schedule__time tribe-events-schedule__time--start\">\n\t\t\t\t18:00\t\t\t<\/span>\n\t\t\n\t\t\t\t\t\t\t\t\t<span class=\"tribe-events-schedule__separator tribe-events-schedule__separator--time\">\n\t\t\t\t\t &#8211; \t\t\t\t<\/span>\n\t\t\t\n\t\t\t\t\t\t\t<span class=\"tribe-events-schedule__time tribe-events-schedule__time--end\">\n\t\t\t\t\t18:45\t\t\t\t<\/span>\n\t\t\t\n\t\t\t\t\t\t<\/h2>\n<\/div>\n<\/div><\/div>\n\n\n\n<div class=\"wp-block-columns is-layout-flex wp-container-core-columns-is-layout-9d6595d7 wp-block-columns-is-layout-flex\">\n<div class=\"wp-block-column is-layout-flow wp-block-column-is-layout-flow\" style=\"flex-basis:25%\"><\/div>\n\n\n\n<div class=\"wp-block-column is-layout-flow wp-block-column-is-layout-flow\" style=\"flex-basis:50%\">\n<p class=\"has-text-align-center has-color-white-color has-text-color\">Almedalen Seminarium 2023<\/p>\n<\/div>\n\n\n\n<div class=\"wp-block-column is-layout-flow wp-block-column-is-layout-flow\" style=\"flex-basis:25%\"><\/div>\n<\/div>\n\n\n\n<div class=\"wp-block-group has-color-red-yellow-color has-text-color\"><div class=\"wp-block-group__inner-container is-layout-flow wp-block-group-is-layout-flow\"><ul class=\"events-taglist text-center mb-4\"><li>evenemang<\/li><li>m\u00f6tesplats<\/li><li>Seminar<\/li><\/ul><\/div><\/div>\n<\/div><\/div>\n<\/section>\n\n\n\n<section class=\"wp-block-mkl-section-block has-color-white-background-color\" style=\"padding-bottom:60px;padding-top:60px\">\n<div class=\"wp-block-group\"><div class=\"wp-block-group__inner-container is-layout-flow wp-block-group-is-layout-flow\">\n\n                \n            <ul class=\"events-category-list \">\n                                    <li class=\" \">\n                        <a href=\"https:\/\/dev.platform24.com\/sv\/\/events-archive\/category\/exhibition-sv\" class=\"mb-2\" >\n                            M\u00e4ssor                        <\/a>\n                    <\/li>\n                                        <li class=\" \">\n                        <a href=\"https:\/\/dev.platform24.com\/sv\/\/events-archive\/category\/seminars-sv\" class=\"mb-2\" >\n                            Seminarier                        <\/a>\n                    <\/li>\n                                        <li class=\" \">\n                        <a href=\"https:\/\/dev.platform24.com\/sv\/\/events-archive\/category\/webinar-sv\" class=\"mb-2\" >\n                            Webinarier                        <\/a>\n                    <\/li>\n                                    <li class=\"\">\n                    <a href=\"https:\/\/dev.platform24.com\/sv\/\/events\" >\n                        Alla evenemang                    <\/a>\n                <\/li>\n            <\/ul><\/div><\/div>\n<\/section>\n\n\n\n<section class=\"wp-block-mkl-section-block has-color-blue-background-light-blue-background-color\" style=\"padding-bottom:60px;padding-top:60px\">\n<div class=\"wp-block-group\"><div class=\"wp-block-group__inner-container is-layout-flow wp-block-group-is-layout-flow\">\n<div class=\"wp-block-coblocks-row coblocks-row-43111101131\" data-columns=\"2\" data-layout=\"50-50\"><div class=\"wp-block-coblocks-row__inner has-no-padding has-no-margin is-stacked-on-mobile has-medium-gutter\">\n<div class=\"wp-block-coblocks-column coblocks-column-431111012364\" style=\"width:50%\"><div class=\"wp-block-coblocks-column__inner has-no-padding has-no-margin\">\n<figure class=\"wp-block-image size-large\"><img loading=\"lazy\" decoding=\"async\" width=\"1024\" height=\"536\" src=\"https:\/\/dev.platform24.com\/wp-content\/uploads\/2023\/12\/post-news-blog-web-3-1024x536.webp\" alt=\"\" class=\"wp-image-11148\"\/><\/figure>\n\n\n\n<p><\/p>\n\n\n\n<p>I samtliga svenska regioner p\u00e5g\u00e5r nu en storskalig digitalisering av sjukv\u00e5rden. M\u00e5let \u00e4r h\u00f6gre tillg\u00e4nglighet, effektivare resursanv\u00e4ndning och f\u00f6rb\u00e4ttrad arbetsmilj\u00f6. Men om inte styrning och uppf\u00f6ljning styr mot m\u00e5let \u00e4r risken p\u00e5taglig att digitaliseringssatsningarna inte ger avsett resultat.<\/p>\n\n\n\n<p><\/p>\n\n\n\n<p>L\u00e4s mer <a href=\"https:\/\/almedalsveckan.info\/program\/69083\">h\u00e4r<\/a><\/p>\n<\/div><\/div>\n\n\n\n<div class=\"wp-block-coblocks-column coblocks-column-431111012368\" style=\"width:50%\"><div class=\"wp-block-coblocks-column__inner has-no-padding has-no-margin\">\n<h2 class=\"wp-block-heading has-text-align-center is-style-Title-content mb-3\" id=\"h-anmalan\">Anm\u00e4lan<\/h2>\n\n\n\n<p>Vi beh\u00f6ver ha koll p\u00e5 hur m\u00e5nga som kommer f\u00f6r att underl\u00e4tta logistiken s\u00e5 v\u00e4nligen anm\u00e4l dig i f\u00f6rv\u00e4g.<\/p>\n\n\n\n<script charset=\"utf-8\" type=\"text\/javascript\" src=\"\/\/js-eu1.hsforms.net\/forms\/embed\/v2.js\"><\/script>\n<script>\n \n\thbspt.forms.create({\n\t\tregion: \"eu1\",\n\t\tportalId: \"25299990\",\n\t\tformId: \"7a0a08b3-fdb9-4e4a-9492-a6fbedc8d8a3\"\n\t});\n<\/script>\n<\/div><\/div>\n<\/div><\/div>\n\n\n\n<div style=\"height:18px\" aria-hidden=\"true\" class=\"wp-block-spacer\"><\/div>\n\n\n\n<h3 class=\"wp-block-heading is-style-Title-content\" id=\"h-medverkande\"><strong><strong>Medverkande<\/strong><\/strong><\/h3>\n\n\n\n<div style=\"height:18px\" aria-hidden=\"true\" class=\"wp-block-spacer\"><\/div>\n\n\n\n<div class=\"wp-block-columns is-layout-flex wp-container-core-columns-is-layout-9d6595d7 wp-block-columns-is-layout-flex\">\n<div class=\"wp-block-column is-layout-flow wp-block-column-is-layout-flow\">\n<div class=\"mb-5\">\n    <div class=\"link-box link-box-horizontal p-4 has-color-white-background-color\" >\n        <div class=\"row d-flex align-items-center\">\n            <div class=\"col-3\">\n                                    <div class=\"ratio ratio-1x1  blog-avatar\" style=\"background-image: url('https:\/\/dev.platform24.com\/wp-content\/uploads\/2023\/12\/malin-720x719.webp'); background-size: cover; transition: all .3s ease-in-out;\" >\n\n                    <\/div>\n                            <\/div>\n            <div class=\"col-9\">\n                <h3 class=\"is-style-Action-title\">Malin Sj\u00f6berg H\u00f6grell<\/h3>\n                <p class=\"is-style-Small-text has-color-grey-medium-grey-color mb-1\">Regionsr\u00e5d och ordf. i sjukhusstyrelsen (L), Uppsala<\/p>   \n                <div class=\"row\">\n                    <div class=\"col-6\">\n                                                    <a class=\"share-linkedin\" href=\"https:\/\/www.linkedin.com\/in\/malin-sj%C3%B6berg-h%C3%B6grell-9025524\/\" target=\"_blank\" rel=\"nofollow\"><img decoding=\"async\" src=\"https:\/\/dev.platform24.com\/wp-content\/themes\/atlas\/linkedin-blue.svg\" class=\"me-3\" style=\"height: 1.2em;\"><\/a>\n                                            <\/div>\n                    <div class=\"col-6 text-end\">\n                                                    <a class=\"speaker-logo\" href=\"\" target=\"_blank\" rel=\"nofollow\"><img decoding=\"async\" src=\"https:\/\/dev.platform24.com\/wp-content\/uploads\/2023\/12\/l-720x872.webp\" class=\"me-3\" style=\"height: 1.2em;\"><\/a>\n                                                <\/div>\n                <\/div>\n            <\/div>\n        <\/div>\n    <\/div>\n<\/div>\n\n\n<div class=\"wp-block-columns is-layout-flex wp-container-core-columns-is-layout-9d6595d7 wp-block-columns-is-layout-flex\">\n<div class=\"wp-block-column is-layout-flow wp-block-column-is-layout-flow\">\n<div class=\"mb-5\">\n    <div class=\"link-box link-box-horizontal p-4 has-color-white-background-color\" >\n        <div class=\"row d-flex align-items-center\">\n            <div class=\"col-3\">\n                                    <div class=\"ratio ratio-1x1  blog-avatar\" style=\"background-image: url('https:\/\/dev.platform24.com\/wp-content\/uploads\/2021\/10\/gerda-tjernstrom-960x960-1-720x720.png'); background-size: cover; transition: all .3s ease-in-out;\" >\n\n                    <\/div>\n                            <\/div>\n            <div class=\"col-9\">\n                <h3 class=\"is-style-Action-title\">Gerda Tjernstr\u00f6m<\/h3>\n                <p class=\"is-style-Small-text has-color-grey-medium-grey-color mb-1\">Head of Customer Services<\/p>   \n                <div class=\"row\">\n                    <div class=\"col-6\">\n                                                    <a class=\"share-linkedin\" href=\"https:\/\/www.linkedin.com\/in\/gerda-nilsson-tjernstr%C3%B6m-2b76951\/\" target=\"_blank\" rel=\"nofollow\"><img decoding=\"async\" src=\"https:\/\/dev.platform24.com\/wp-content\/themes\/atlas\/linkedin-blue.svg\" class=\"me-3\" style=\"height: 1.2em;\"><\/a>\n                                            <\/div>\n                    <div class=\"col-6 text-end\">\n                                                    <a class=\"speaker-logo\" href=\"\" target=\"_blank\" rel=\"nofollow\"><img decoding=\"async\" src=\"https:\/\/dev.platform24.com\/wp-content\/uploads\/2022\/04\/platform24-1-1-720x155.webp\" class=\"me-3\" style=\"height: 1.2em;\"><\/a>\n                                                <\/div>\n                <\/div>\n            <\/div>\n        <\/div>\n    <\/div>\n<\/div><\/div>\n<\/div>\n<\/div>\n\n\n\n<div class=\"wp-block-column is-layout-flow wp-block-column-is-layout-flow\">\n<div class=\"mb-5\">\n    <div class=\"link-box link-box-horizontal p-4 has-color-white-background-color\" >\n        <div class=\"row d-flex align-items-center\">\n            <div class=\"col-3\">\n                                    <div class=\"ratio ratio-1x1  blog-avatar\" style=\"background-image: url('https:\/\/dev.platform24.com\/wp-content\/uploads\/2023\/12\/toby.webp'); background-size: cover; transition: all .3s ease-in-out;\" >\n\n                    <\/div>\n                            <\/div>\n            <div class=\"col-9\">\n                <h3 class=\"is-style-Action-title\">Tobias Perdahl<\/h3>\n                <p class=\"is-style-Small-text has-color-grey-medium-grey-color mb-1\">Chief Medical Officer<\/p>   \n                <div class=\"row\">\n                    <div class=\"col-6\">\n                                                    <a class=\"share-linkedin\" href=\"https:\/\/se.linkedin.com\/in\/tobiasperdahl\" target=\"_blank\" rel=\"nofollow\"><img decoding=\"async\" src=\"https:\/\/dev.platform24.com\/wp-content\/themes\/atlas\/linkedin-blue.svg\" class=\"me-3\" style=\"height: 1.2em;\"><\/a>\n                                            <\/div>\n                    <div class=\"col-6 text-end\">\n                                                    <a class=\"speaker-logo\" href=\"\" target=\"_blank\" rel=\"nofollow\"><img decoding=\"async\" src=\"https:\/\/dev.platform24.com\/wp-content\/uploads\/2022\/04\/platform24-1-1-720x155.webp\" class=\"me-3\" style=\"height: 1.2em;\"><\/a>\n                                                <\/div>\n                <\/div>\n            <\/div>\n        <\/div>\n    <\/div>\n<\/div><\/div>\n<\/div>\n<\/div><\/div>\n<\/section>\n\n\n\n<section class=\"wp-block-mkl-section-block has-color-white-background-color\" style=\"padding-bottom:60px;padding-top:60px\">\n<div class=\"wp-block-group\"><div class=\"wp-block-group__inner-container is-layout-flow wp-block-group-is-layout-flow\">\n<h2 class=\"wp-block-heading mb-5 is-style-Header-medium has-color-blue-dark-blue-color has-text-color\" id=\"h-kommande-evenemang\">Kommande evenemang<\/h2>\n\n\n<div class=\"events-list-wrapper\">\n    <div class=\"row gx-5\">\n                    <section class=\"wp-block-mkl-section-block alignfull \" style=\"padding-bottom:60px;padding-top:0px\">\n\n\n                <div class=\"wp-block-media-text alignwide has-media-on-the-right is-stacked-on-mobile is-image-fill has-color-white-background-color has-background events-no-events-box\" style=\"grid-template-columns:auto 40%; box-shadow: var(--box-shadow-1)\"><div class=\"wp-block-media-text__content\">\n                        <h2 class=\"is-style-Title-content\">Snart kommer nya evenemang!<\/h2>\n\n\n\n                        <p>Anm\u00e4l dig till v\u00e5rt nyhetsbrev f\u00f6r att f\u00e5 information om nya evenemang och aktiviteter.<\/p>\n                                <div class=\"is-layout-flex wp-block-buttons is-style-btn-content\">\n                                <div class=\"wp-block-button\"><a class=\"wp-block-button__link wp-element-button\" href=\"https:\/\/platform24.com\/sv\/newsletter\/\">Anm\u00e4l dig till v\u00e5rt nyhetsbrev<\/a><\/div>\n                            <\/div>\n                        <\/div>\n                    <figure class=\"wp-block-media-text__media  has-color-white-background-color\" style=\"background-image:url(https:\/\/dev.platform24.com\/wp-content\/uploads\/2023\/01\/coming-soon-im-events.png);background-position:50% 50%\"><img decoding=\"async\" loading=\"lazy\" width=\"1024\" height=\"682\" src=\"\" alt=\"\" class=\"wp-image-3088 size-full\"><\/figure>\n                <\/div>       \n\n            <\/section>        \n\n            <\/div>\n<\/div>\n\n\n\n<\/div><\/div>\n<\/section>\n\n\n\n\n","protected":false},"excerpt":{"rendered":"<p>I samtliga svenska regioner p\u00e5g\u00e5r nu en storskalig digitalisering av sjukv\u00e5rden. M\u00e5let \u00e4r h\u00f6gre tillg\u00e4nglighet, effektivare resursanv\u00e4ndning och f\u00f6rb\u00e4ttrad arbetsmilj\u00f6. Men om inte styrning och uppf\u00f6ljning styr mot m\u00e5let \u00e4r risken p\u00e5taglig att digitaliseringssatsningarna inte ger avsett resultat.<\/p>\n","protected":false},"author":1,"featured_media":11148,"comment_status":"closed","ping_status":"closed","template":"","meta":{"_acf_changed":false,"_coblocks_attr":"","_coblocks_dimensions":"","_coblocks_responsive_height":"","_coblocks_accordion_ie_support":"","_EventAllDay":false,"_EventTimezone":"UTC+0","_EventStartDate":"2023-06-29 18:00:00","_EventEndDate":"2023-06-29 18:45:00","_EventStartDateUTC":"2023-06-29 18:00:00","_EventEndDateUTC":"2023-06-29 18:45:00","_EventShowMap":false,"_EventShowMapLink":false,"_EventURL":"","_EventCost":"","_EventCostDescription":"","_EventCurrencySymbol":"$","_EventCurrencyCode":"USD","_EventCurrencyPosition":"prefix","_EventDateTimeSeparator":",","_EventTimeRangeSeparator":" - ","_EventOrganizerID":[],"_EventVenueID":[11933],"_OrganizerEmail":"","_OrganizerPhone":"","_OrganizerWebsite":"","_VenueAddress":"","_VenueCity":"","_VenueCountry":"","_VenueProvince":"","_VenueState":"","_VenueZip":"","_VenuePhone":"","_VenueURL":"","_VenueStateProvince":"","_VenueLat":"","_VenueLng":"","_VenueShowMap":false,"_VenueShowMapLink":false,"_tribe_events_status":"","_tribe_events_status_reason":"","footnotes":""},"tags":[168,169,86],"tribe_events_cat":[75],"class_list":["post-11141","tribe_events","type-tribe_events","status-publish","has-post-thumbnail","hentry","tag-evenemang","tag-motesplats","tag-seminar-sv","tribe_events_cat-exhibition-sv","cat_exhibition-sv"],"acf":[],"yoast_head":"<!-- This site is optimized with the Yoast SEO plugin v23.0 - https:\/\/yoast.com\/wordpress\/plugins\/seo\/ -->\n<title>Almedalen 2023 - Platform24<\/title>\n<meta name=\"robots\" content=\"noindex, follow, max-snippet:-1, max-image-preview:large, max-video-preview:-1\" \/>\n<meta property=\"og:locale\" content=\"sv_SE\" \/>\n<meta property=\"og:type\" content=\"article\" \/>\n<meta property=\"og:title\" content=\"Almedalen 2023 - Platform24\" \/>\n<meta property=\"og:description\" content=\"I samtliga svenska regioner p\u00e5g\u00e5r nu en storskalig digitalisering av sjukv\u00e5rden. M\u00e5let \u00e4r h\u00f6gre tillg\u00e4nglighet, effektivare resursanv\u00e4ndning och f\u00f6rb\u00e4ttrad arbetsmilj\u00f6. Men om inte styrning och uppf\u00f6ljning styr mot m\u00e5let \u00e4r risken p\u00e5taglig att digitaliseringssatsningarna inte ger avsett resultat.\" \/>\n<meta property=\"og:url\" content=\"https:\/\/dev.platform24.com\/sv\/event\/almedalen-2023\/\" \/>\n<meta property=\"og:site_name\" content=\"Platform24\" \/>\n<meta property=\"article:modified_time\" content=\"2023-12-28T10:39:54+00:00\" \/>\n<meta property=\"og:image\" content=\"https:\/\/dev.platform24.com\/wp-content\/uploads\/2023\/12\/post-news-blog-web-3.webp\" \/>\n\t<meta property=\"og:image:width\" content=\"1200\" \/>\n\t<meta property=\"og:image:height\" content=\"628\" \/>\n\t<meta property=\"og:image:type\" content=\"image\/webp\" \/>\n<meta name=\"twitter:card\" content=\"summary_large_image\" \/>\n<meta name=\"twitter:label1\" content=\"Ber\u00e4knad l\u00e4stid\" \/>\n\t<meta name=\"twitter:data1\" content=\"1 minut\" \/>\n<script type=\"application\/ld+json\" class=\"yoast-schema-graph\">{\"@context\":\"https:\/\/schema.org\",\"@graph\":[{\"@type\":\"WebPage\",\"@id\":\"https:\/\/dev.platform24.com\/sv\/event\/almedalen-2023\/\",\"url\":\"https:\/\/dev.platform24.com\/sv\/event\/almedalen-2023\/\",\"name\":\"Almedalen 2023 - Platform24\",\"isPartOf\":{\"@id\":\"https:\/\/dev.platform24.com\/sv\/#website\"},\"primaryImageOfPage\":{\"@id\":\"https:\/\/dev.platform24.com\/sv\/event\/almedalen-2023\/#primaryimage\"},\"image\":{\"@id\":\"https:\/\/dev.platform24.com\/sv\/event\/almedalen-2023\/#primaryimage\"},\"thumbnailUrl\":\"https:\/\/dev.platform24.com\/wp-content\/uploads\/2023\/12\/post-news-blog-web-3.webp\",\"datePublished\":\"2023-12-12T10:06:17+00:00\",\"dateModified\":\"2023-12-28T10:39:54+00:00\",\"breadcrumb\":{\"@id\":\"https:\/\/dev.platform24.com\/sv\/event\/almedalen-2023\/#breadcrumb\"},\"inLanguage\":\"sv-SE\",\"potentialAction\":[{\"@type\":\"ReadAction\",\"target\":[\"https:\/\/dev.platform24.com\/sv\/event\/almedalen-2023\/\"]}]},{\"@type\":\"ImageObject\",\"inLanguage\":\"sv-SE\",\"@id\":\"https:\/\/dev.platform24.com\/sv\/event\/almedalen-2023\/#primaryimage\",\"url\":\"https:\/\/dev.platform24.com\/wp-content\/uploads\/2023\/12\/post-news-blog-web-3.webp\",\"contentUrl\":\"https:\/\/dev.platform24.com\/wp-content\/uploads\/2023\/12\/post-news-blog-web-3.webp\",\"width\":1200,\"height\":628},{\"@type\":\"BreadcrumbList\",\"@id\":\"https:\/\/dev.platform24.com\/sv\/event\/almedalen-2023\/#breadcrumb\",\"itemListElement\":[{\"@type\":\"ListItem\",\"position\":1,\"name\":\"Home\",\"item\":\"https:\/\/dev.platform24.com\/sv\/\"},{\"@type\":\"ListItem\",\"position\":2,\"name\":\"Events\",\"item\":\"https:\/\/dev.platform24.com\/sv\/events-archive\/\"},{\"@type\":\"ListItem\",\"position\":3,\"name\":\"Almedalen 2023\"}]},{\"@type\":\"WebSite\",\"@id\":\"https:\/\/dev.platform24.com\/sv\/#website\",\"url\":\"https:\/\/dev.platform24.com\/sv\/\",\"name\":\"Platform24\",\"description\":\"Modular healthtech for seamless care\",\"potentialAction\":[{\"@type\":\"SearchAction\",\"target\":{\"@type\":\"EntryPoint\",\"urlTemplate\":\"https:\/\/dev.platform24.com\/sv\/?s={search_term_string}\"},\"query-input\":\"required name=search_term_string\"}],\"inLanguage\":\"sv-SE\"}]}<\/script>\n<!-- \/ Yoast SEO plugin. -->","yoast_head_json":{"title":"Almedalen 2023 - Platform24","robots":{"index":"noindex","follow":"follow","max-snippet":"max-snippet:-1","max-image-preview":"max-image-preview:large","max-video-preview":"max-video-preview:-1"},"og_locale":"sv_SE","og_type":"article","og_title":"Almedalen 2023 - Platform24","og_description":"I samtliga svenska regioner p\u00e5g\u00e5r nu en storskalig digitalisering av sjukv\u00e5rden. M\u00e5let \u00e4r h\u00f6gre tillg\u00e4nglighet, effektivare resursanv\u00e4ndning och f\u00f6rb\u00e4ttrad arbetsmilj\u00f6. Men om inte styrning och uppf\u00f6ljning styr mot m\u00e5let \u00e4r risken p\u00e5taglig att digitaliseringssatsningarna inte ger avsett resultat.","og_url":"https:\/\/dev.platform24.com\/sv\/event\/almedalen-2023\/","og_site_name":"Platform24","article_modified_time":"2023-12-28T10:39:54+00:00","og_image":[{"width":1200,"height":628,"url":"https:\/\/dev.platform24.com\/wp-content\/uploads\/2023\/12\/post-news-blog-web-3.webp","type":"image\/webp"}],"twitter_card":"summary_large_image","twitter_misc":{"Ber\u00e4knad l\u00e4stid":"1 minut"},"schema":{"@context":"https:\/\/schema.org","@graph":[{"@type":"WebPage","@id":"https:\/\/dev.platform24.com\/sv\/event\/almedalen-2023\/","url":"https:\/\/dev.platform24.com\/sv\/event\/almedalen-2023\/","name":"Almedalen 2023 - Platform24","isPartOf":{"@id":"https:\/\/dev.platform24.com\/sv\/#website"},"primaryImageOfPage":{"@id":"https:\/\/dev.platform24.com\/sv\/event\/almedalen-2023\/#primaryimage"},"image":{"@id":"https:\/\/dev.platform24.com\/sv\/event\/almedalen-2023\/#primaryimage"},"thumbnailUrl":"https:\/\/dev.platform24.com\/wp-content\/uploads\/2023\/12\/post-news-blog-web-3.webp","datePublished":"2023-12-12T10:06:17+00:00","dateModified":"2023-12-28T10:39:54+00:00","breadcrumb":{"@id":"https:\/\/dev.platform24.com\/sv\/event\/almedalen-2023\/#breadcrumb"},"inLanguage":"sv-SE","potentialAction":[{"@type":"ReadAction","target":["https:\/\/dev.platform24.com\/sv\/event\/almedalen-2023\/"]}]},{"@type":"ImageObject","inLanguage":"sv-SE","@id":"https:\/\/dev.platform24.com\/sv\/event\/almedalen-2023\/#primaryimage","url":"https:\/\/dev.platform24.com\/wp-content\/uploads\/2023\/12\/post-news-blog-web-3.webp","contentUrl":"https:\/\/dev.platform24.com\/wp-content\/uploads\/2023\/12\/post-news-blog-web-3.webp","width":1200,"height":628},{"@type":"BreadcrumbList","@id":"https:\/\/dev.platform24.com\/sv\/event\/almedalen-2023\/#breadcrumb","itemListElement":[{"@type":"ListItem","position":1,"name":"Home","item":"https:\/\/dev.platform24.com\/sv\/"},{"@type":"ListItem","position":2,"name":"Events","item":"https:\/\/dev.platform24.com\/sv\/events-archive\/"},{"@type":"ListItem","position":3,"name":"Almedalen 2023"}]},{"@type":"WebSite","@id":"https:\/\/dev.platform24.com\/sv\/#website","url":"https:\/\/dev.platform24.com\/sv\/","name":"Platform24","description":"Modular healthtech for seamless care","potentialAction":[{"@type":"SearchAction","target":{"@type":"EntryPoint","urlTemplate":"https:\/\/dev.platform24.com\/sv\/?s={search_term_string}"},"query-input":"required name=search_term_string"}],"inLanguage":"sv-SE"}]}},"_links":{"self":[{"href":"https:\/\/dev.platform24.com\/sv\/wp-json\/wp\/v2\/tribe_events\/11141","targetHints":{"allow":["GET"]}}],"collection":[{"href":"https:\/\/dev.platform24.com\/sv\/wp-json\/wp\/v2\/tribe_events"}],"about":[{"href":"https:\/\/dev.platform24.com\/sv\/wp-json\/wp\/v2\/types\/tribe_events"}],"author":[{"embeddable":true,"href":"https:\/\/dev.platform24.com\/sv\/wp-json\/wp\/v2\/users\/1"}],"replies":[{"embeddable":true,"href":"https:\/\/dev.platform24.com\/sv\/wp-json\/wp\/v2\/comments?post=11141"}],"version-history":[{"count":6,"href":"https:\/\/dev.platform24.com\/sv\/wp-json\/wp\/v2\/tribe_events\/11141\/revisions"}],"predecessor-version":[{"id":11935,"href":"https:\/\/dev.platform24.com\/sv\/wp-json\/wp\/v2\/tribe_events\/11141\/revisions\/11935"}],"wp:featuredmedia":[{"embeddable":true,"href":"https:\/\/dev.platform24.com\/sv\/wp-json\/wp\/v2\/media\/11148"}],"wp:attachment":[{"href":"https:\/\/dev.platform24.com\/sv\/wp-json\/wp\/v2\/media?parent=11141"}],"wp:term":[{"taxonomy":"post_tag","embeddable":true,"href":"https:\/\/dev.platform24.com\/sv\/wp-json\/wp\/v2\/tags?post=11141"},{"taxonomy":"tribe_events_cat","embeddable":true,"href":"https:\/\/dev.platform24.com\/sv\/wp-json\/wp\/v2\/tribe_events_cat?post=11141"}],"curies":[{"name":"wp","href":"https:\/\/api.w.org\/{rel}","templated":true}]}}