{"id":11188,"date":"2023-12-12T10:57:09","date_gmt":"2023-12-12T10:57:09","guid":{"rendered":"https:\/\/dev.platform24.com\/?post_type=tribe_events&#038;p=11188"},"modified":"2023-12-28T10:58:17","modified_gmt":"2023-12-28T10:58:17","slug":"vitalis-23-25-maj-2023","status":"publish","type":"tribe_events","link":"https:\/\/dev.platform24.com\/sv\/event\/vitalis-23-25-maj-2023\/","title":{"rendered":"Vitalis 23-25 Maj 2023"},"content":{"rendered":"\n<section class=\"wp-block-mkl-section-block has-color-white-background-color\" style=\"padding-bottom:30px;padding-top:60px\">\n<div class=\"wp-block-group\"><div class=\"wp-block-group__inner-container is-layout-flow wp-block-group-is-layout-flow\">\n\n                \n            <ul class=\"events-category-list \">\n                                    <li class=\" \">\n                        <a href=\"https:\/\/dev.platform24.com\/sv\/\/events-archive\/category\/exhibition-sv\" class=\"mb-2\" >\n                            M\u00e4ssor                        <\/a>\n                    <\/li>\n                                        <li class=\" \">\n                        <a href=\"https:\/\/dev.platform24.com\/sv\/\/events-archive\/category\/seminars-sv\" class=\"mb-2\" >\n                            Seminarier                        <\/a>\n                    <\/li>\n                                        <li class=\" \">\n                        <a href=\"https:\/\/dev.platform24.com\/sv\/\/events-archive\/category\/webinar-sv\" class=\"mb-2\" >\n                            Webinarier                        <\/a>\n                    <\/li>\n                                    <li class=\"\">\n                    <a href=\"https:\/\/dev.platform24.com\/sv\/\/events\" >\n                        Alla evenemang                    <\/a>\n                <\/li>\n            <\/ul><\/div><\/div>\n<\/section>\n\n\n\n<section class=\"wp-block-mkl-section-block has-color-white-background-color\" style=\"padding-bottom:60px;padding-top:60px\">\n<div class=\"wp-block-group\"><div class=\"wp-block-group__inner-container is-layout-flow wp-block-group-is-layout-flow\">\n<div class=\"wp-block-coblocks-row coblocks-row-43111101131\" data-columns=\"2\" data-layout=\"50-50\"><div class=\"wp-block-coblocks-row__inner has-no-padding has-no-margin is-stacked-on-mobile has-large-gutter\">\n<div class=\"wp-block-coblocks-column coblocks-column-431111012364\" style=\"width:48.30%\"><div class=\"wp-block-coblocks-column__inner has-no-padding has-no-margin\">\n<h1 class=\"wp-block-heading is-style-Header-large\">Vitalis 23-25 Maj 2023<\/h1>\n\n\n\n<p><\/p>\n\n\n\n<p class=\"location has-color-grey-body-text-grey-color has-text-color\" style=\"font-size:22px;font-style:normal;font-weight:300\">&nbsp;G\u00f6teborg, Svenska M\u00e4ssan<\/p>\n\n\n\n<p><\/p>\n\n\n\n<p class=\"mb-5 has-color-grey-body-text-grey-color has-text-color\" style=\"font-size:22px;font-style:normal;font-weight:300\">Vitalis \u00e4r Nordens ledande e-h\u00e4lsom\u00f6te. H\u00e4r m\u00f6ts representanter ifr\u00e5n kommun, regioner, privata v\u00e5rdgivare, myndigheter, akademi och industri f\u00f6r kompetensutveckling, erfarenhetsutbyte och inspiration.<\/p>\n\n\n\n<div class=\"wp-block-group mb-4 has-color-blue-dark-blue-color has-text-color\"><div class=\"wp-block-group__inner-container is-layout-flow wp-block-group-is-layout-flow\"><ul class=\"events-taglist text-start mb-4\"><li>H\u00e4lsa<\/li><li>M\u00e4ssa<\/li><li>Vitalis<\/li><\/ul><\/div><\/div>\n\n\n\n<div class=\"wp-block-columns is-layout-flex wp-container-core-columns-is-layout-9d6595d7 wp-block-columns-is-layout-flex\">\n<div class=\"wp-block-column is-layout-flow wp-block-column-is-layout-flow\" style=\"flex-basis:350px\">\n<div class=\"wp-block-buttons is-style-btn-content is-layout-flex wp-block-buttons-is-layout-flex\">\n<div class=\"wp-block-button is-style-outline is-style-outline--1\"><a class=\"wp-block-button__link wp-element-button\" href=\"https:\/\/vitalis.nu\/\">L\u00e4s mer<\/a><\/div>\n<\/div>\n<\/div>\n\n\n\n<div class=\"wp-block-column is-layout-flow wp-block-column-is-layout-flow\"><\/div>\n<\/div>\n<\/div><\/div>\n\n\n\n<div class=\"wp-block-coblocks-column coblocks-column-431111012368\" style=\"width:51.70%\"><div class=\"wp-block-coblocks-column__inner has-no-padding has-no-margin\">\n<figure class=\"wp-block-image size-large is-style-p24-all-corners\"><img loading=\"lazy\" decoding=\"async\" width=\"1024\" height=\"536\" src=\"https:\/\/dev.platform24.com\/wp-content\/uploads\/2023\/03\/vitalis-2023-web-1024x536.png\" alt=\"\" class=\"wp-image-9940\"\/><\/figure>\n<\/div><\/div>\n<\/div><\/div>\n<\/div><\/div>\n<\/section>\n\n\n\n\n\n\n\n<section class=\"wp-block-mkl-section-block has-color-grey-background-grey-background-color\" style=\"padding-bottom:80px;padding-top:80px\">\n<div class=\"wp-block-group\"><div class=\"wp-block-group__inner-container is-layout-flow wp-block-group-is-layout-flow\">\n<h2 class=\"wp-block-heading is-style-Header-medium\">V\u00e5ra f\u00f6rel\u00e4sningar<\/h2>\n\n\n\n<div style=\"height:80px\" aria-hidden=\"true\" class=\"wp-block-spacer\"><\/div>\n\n\n\n<div class=\"wp-block-coblocks-row coblocks-row-627165941199\" data-columns=\"2\" data-layout=\"50-50\"><div class=\"wp-block-coblocks-row__inner has-no-padding has-no-margin is-stacked-on-mobile has-medium-gutter\">\n<div class=\"wp-block-coblocks-column coblocks-column-627165948676\" style=\"width:50.12%\"><div class=\"wp-block-coblocks-column__inner has-no-padding has-no-margin\">\n\n\n<figure class=\"wp-block-embed is-type-video is-provider-vimeo wp-block-embed-vimeo wp-embed-aspect-16-9 wp-has-aspect-ratio\"><div class=\"wp-block-embed__wrapper\">\n<iframe loading=\"lazy\" title=\"Jonathan Ilicki - AI models- hype and progress\" src=\"https:\/\/player.vimeo.com\/video\/827297058?h=b0947fd610&amp;dnt=1&amp;app_id=122963\" width=\"474\" height=\"267\" frameborder=\"0\" allow=\"autoplay; fullscreen; picture-in-picture; clipboard-write\"><\/iframe>\n<\/div><\/figure>\n\n\n\n<div style=\"height:30px\" aria-hidden=\"true\" class=\"wp-block-spacer\"><\/div>\n\n\n\n<div style=\"height:0px\" aria-hidden=\"true\" class=\"wp-block-spacer\"><\/div>\n\n\n\n<div class=\"wp-block-buttons is-content-justification-center is-layout-flex wp-container-core-buttons-is-layout-16018d1d wp-block-buttons-is-layout-flex\">\n<div class=\"wp-block-button\"><a class=\"wp-block-button__link wp-element-button\" href=\"https:\/\/platform24.com\/se\/seminarium-form-ai-models-hype-or-progress\/\">L\u00e4s mer<\/a><\/div>\n<\/div>\n<\/div><\/div>\n\n\n\n<div class=\"wp-block-coblocks-column coblocks-column-627165948677\" style=\"width:49.88%\"><div class=\"wp-block-coblocks-column__inner has-no-padding has-no-margin\">\n<p class=\"has-color-red-orange-color has-text-color\">Maj 23, 2023, 13.00<\/p>\n\n\n\n<h2 class=\"wp-block-heading is-style-Title-content\"><strong><a>AI models: hype or progress<\/a><\/strong><\/h2>\n\n\n\n<p>Vad inneb\u00e4r AI f\u00f6r sjukv\u00e5rden? Kommer det \u00e4ndra allt? Eller inget? F\u00f6lj med Jonathan Ilicki n\u00e4r han ger exempel p\u00e5 hur AI faktiskt kan underl\u00e4tta f\u00f6r sjukv\u00e5rden, och ramverk f\u00f6r att skilja mellan hype och framsteg<\/p>\n\n\n\n<div style=\"height:18px\" aria-hidden=\"true\" class=\"wp-block-spacer\"><\/div>\n\n\n\n<div class=\"wp-block-coblocks-row coblocks-row-627172815487\" data-columns=\"2\" data-layout=\"66-33\"><div class=\"wp-block-coblocks-row__inner has-no-padding has-no-margin is-stacked-on-mobile has-custom-gutter\" style=\"--coblocks-custom-gutter:0.3em\">\n<div class=\"wp-block-coblocks-column coblocks-column-627172818202\" style=\"width:12.98%\"><div class=\"wp-block-coblocks-column__inner has-no-padding has-no-margin\">\n<figure class=\"wp-block-image size-full is-resized is-style-rounded\"><img loading=\"lazy\" decoding=\"async\" width=\"960\" height=\"960\" src=\"https:\/\/platform24.com\/se\/wp-content\/uploads\/sites\/5\/2021\/10\/dsc5351-1-960x960-1.png\" alt=\"\" class=\"wp-image-1548\" style=\"width:56px;height:56px\"\/><\/figure>\n<\/div><\/div>\n\n\n\n<div class=\"wp-block-coblocks-column coblocks-column-627172818203\" style=\"width:86.22%\"><div class=\"wp-block-coblocks-column__inner has-no-padding has-no-margin\">\n<h2 class=\"wp-block-heading is-style-Menu-titles\"><strong>Jonathan Ilicki<\/strong><\/h2>\n\n\n\n<h2 class=\"wp-block-heading is-style-Small-text\">Innovationschef<\/h2>\n<\/div><\/div>\n<\/div><\/div>\n<\/div><\/div>\n<\/div><\/div>\n\n\n\n<div style=\"height:110px\" aria-hidden=\"true\" class=\"wp-block-spacer\"><\/div>\n\n\n\n<div class=\"wp-block-coblocks-row coblocks-row-627165941199\" data-columns=\"2\" data-layout=\"50-50\"><div class=\"wp-block-coblocks-row__inner has-no-padding has-no-margin is-stacked-on-mobile has-medium-gutter\">\n<div class=\"wp-block-coblocks-column coblocks-column-627165948676\" style=\"width:50.12%\"><div class=\"wp-block-coblocks-column__inner has-no-padding has-no-margin\">\n\n\n<figure class=\"wp-block-embed is-type-video is-provider-vimeo wp-block-embed-vimeo wp-embed-aspect-16-9 wp-has-aspect-ratio\"><div class=\"wp-block-embed__wrapper\">\n<iframe loading=\"lazy\" title=\"Andreas Ringman Uggla - Sjukva\u030ardens digitalisering i Europa - la\u0308rdomar fra\u030an 5 la\u0308nder - vad a\u0308r lika och vad skiljer\" src=\"https:\/\/player.vimeo.com\/video\/821177837?h=cc6a27f780&amp;dnt=1&amp;app_id=122963\" width=\"474\" height=\"267\" frameborder=\"0\" allow=\"autoplay; fullscreen; picture-in-picture; clipboard-write\"><\/iframe>\n<\/div><\/figure>\n\n\n\n<div style=\"height:30px\" aria-hidden=\"true\" class=\"wp-block-spacer\"><\/div>\n\n\n\n<div style=\"height:0px\" aria-hidden=\"true\" class=\"wp-block-spacer\"><\/div>\n\n\n\n<div class=\"wp-block-buttons is-content-justification-center is-layout-flex wp-container-core-buttons-is-layout-16018d1d wp-block-buttons-is-layout-flex\">\n<div class=\"wp-block-button\"><a class=\"wp-block-button__link wp-element-button\" href=\"https:\/\/invitepeople.com\/public\/seminars\/ec96a29940\">L\u00e4s mer<\/a><\/div>\n<\/div>\n<\/div><\/div>\n\n\n\n<div class=\"wp-block-coblocks-column coblocks-column-627165948677\" style=\"width:49.88%\"><div class=\"wp-block-coblocks-column__inner has-no-padding has-no-margin\">\n<p class=\"has-color-red-orange-color has-text-color\">Maj 23, 2023, 13.00-13.30<\/p>\n\n\n\n<h2 class=\"wp-block-heading is-style-Title-content\"><strong>Sjukv\u00e5rdens digitalisering i Europa &#8211; l\u00e4rdomar fr\u00e5n 5 l\u00e4nder &#8211; vad \u00e4r lika och vad skiljer?<\/strong><\/h2>\n\n\n\n<p>Det p\u00e5g\u00e5r nu en bred och storskalig digitalisering av b\u00e5de f\u00f6rsta och andra linjens v\u00e5rd i samtliga regioner<\/p>\n\n\n\n<div style=\"height:18px\" aria-hidden=\"true\" class=\"wp-block-spacer\"><\/div>\n\n\n\n<div class=\"wp-block-coblocks-row coblocks-row-627172815487\" data-columns=\"2\" data-layout=\"66-33\"><div class=\"wp-block-coblocks-row__inner has-no-padding has-no-margin is-stacked-on-mobile has-custom-gutter\" style=\"--coblocks-custom-gutter:0.3em\">\n<div class=\"wp-block-coblocks-column coblocks-column-627172818202\" style=\"width:12.98%\"><div class=\"wp-block-coblocks-column__inner has-no-padding has-no-margin\">\n<figure class=\"wp-block-image size-full is-resized is-style-rounded\"><img loading=\"lazy\" decoding=\"async\" width=\"767\" height=\"767\" src=\"https:\/\/platform24.com\/se\/wp-content\/uploads\/sites\/5\/2021\/10\/andreasringmanuggla-768x784-2.jpg\" alt=\"\" class=\"wp-image-1870\" style=\"width:56px\"\/><\/figure>\n<\/div><\/div>\n\n\n\n<div class=\"wp-block-coblocks-column coblocks-column-627172818203\" style=\"width:86.22%\"><div class=\"wp-block-coblocks-column__inner has-no-padding has-no-margin\">\n<h4 class=\"wp-block-heading is-style-Menu-titles\"><strong><strong>Andreas Ringman Uggla<\/strong><\/strong><\/h4>\n\n\n\n<h2 class=\"wp-block-heading is-style-Small-text\">Aff\u00e4rschef<\/h2>\n<\/div><\/div>\n<\/div><\/div>\n<\/div><\/div>\n<\/div><\/div>\n\n\n\n<div style=\"height:110px\" aria-hidden=\"true\" class=\"wp-block-spacer\"><\/div>\n\n\n\n<div class=\"wp-block-coblocks-row coblocks-row-627165941199\" data-columns=\"2\" data-layout=\"50-50\"><div class=\"wp-block-coblocks-row__inner has-no-padding has-no-margin is-stacked-on-mobile has-medium-gutter\">\n<div class=\"wp-block-coblocks-column coblocks-column-627165948676\" style=\"width:50.12%\"><div class=\"wp-block-coblocks-column__inner has-no-padding has-no-margin\">\n\n\n<figure class=\"wp-block-embed is-type-video is-provider-vimeo wp-block-embed-vimeo wp-embed-aspect-16-9 wp-has-aspect-ratio\"><div class=\"wp-block-embed__wrapper\">\n<iframe loading=\"lazy\" title=\"Jonathan Ilicki - Dubbelt sa\u030a ma\u030anga kliniska studier - till ha\u0308lften av kostnader\" src=\"https:\/\/player.vimeo.com\/video\/821177513?h=8721a33705&amp;dnt=1&amp;app_id=122963\" width=\"474\" height=\"267\" frameborder=\"0\" allow=\"autoplay; fullscreen; picture-in-picture; clipboard-write\"><\/iframe>\n<\/div><\/figure>\n\n\n\n<div style=\"height:30px\" aria-hidden=\"true\" class=\"wp-block-spacer\"><\/div>\n\n\n\n<div style=\"height:0px\" aria-hidden=\"true\" class=\"wp-block-spacer\"><\/div>\n\n\n\n<div class=\"wp-block-buttons is-content-justification-center is-layout-flex wp-container-core-buttons-is-layout-16018d1d wp-block-buttons-is-layout-flex\">\n<div class=\"wp-block-button\"><a class=\"wp-block-button__link wp-element-button\" href=\"https:\/\/platform24.com\/se\/seminarium-form-the-next-clinical-trial-paradigm\/\">L\u00e4s mer<\/a><\/div>\n<\/div>\n<\/div><\/div>\n\n\n\n<div class=\"wp-block-coblocks-column coblocks-column-627165948677\" style=\"width:49.88%\"><div class=\"wp-block-coblocks-column__inner has-no-padding has-no-margin\">\n<p class=\"has-color-red-orange-color has-text-color\">Maj 23, 2023, 13.00<\/p>\n\n\n\n<h2 class=\"wp-block-heading is-style-Title-content\"><strong><a>Dubbelt s\u00e5 m\u00e5nga kliniska studier &#8211; till h\u00e4lften av kostnaden<\/a><\/strong><\/h2>\n\n\n\n<p>Hur kan vi bedriva dubbelt s\u00e5 m\u00e5nga studier med h\u00e4lften s\u00e5 mycket resurser? F\u00f6lj med p\u00e5 en sp\u00e4nnande resa och l\u00e4r dig mer om det nya forskningsparadigmet som Sverige st\u00e5r inf\u00f6r!<\/p>\n\n\n\n<div style=\"height:18px\" aria-hidden=\"true\" class=\"wp-block-spacer\"><\/div>\n\n\n\n<div class=\"wp-block-coblocks-row coblocks-row-627172815487\" data-columns=\"2\" data-layout=\"66-33\"><div class=\"wp-block-coblocks-row__inner has-no-padding has-no-margin is-stacked-on-mobile has-custom-gutter\" style=\"--coblocks-custom-gutter:0.3em\">\n<div class=\"wp-block-coblocks-column coblocks-column-627172818202\" style=\"width:12.98%\"><div class=\"wp-block-coblocks-column__inner has-no-padding has-no-margin\">\n<figure class=\"wp-block-image size-full is-resized is-style-rounded\"><img loading=\"lazy\" decoding=\"async\" width=\"960\" height=\"960\" src=\"https:\/\/platform24.com\/se\/wp-content\/uploads\/sites\/5\/2021\/10\/dsc5351-1-960x960-1.png\" alt=\"\" class=\"wp-image-1548\" style=\"width:56px;height:56px\"\/><\/figure>\n<\/div><\/div>\n\n\n\n<div class=\"wp-block-coblocks-column coblocks-column-627172818203\" style=\"width:86.22%\"><div class=\"wp-block-coblocks-column__inner has-no-padding has-no-margin\">\n<h2 class=\"wp-block-heading is-style-Menu-titles\"><strong>Jonathan Ilicki<\/strong><\/h2>\n\n\n\n<h2 class=\"wp-block-heading is-style-Small-text\">Innovationschef<\/h2>\n<\/div><\/div>\n<\/div><\/div>\n<\/div><\/div>\n<\/div><\/div>\n\n\n\n<div style=\"height:110px\" aria-hidden=\"true\" class=\"wp-block-spacer\"><\/div>\n\n\n\n<div class=\"wp-block-coblocks-row coblocks-row-627165941199\" data-columns=\"2\" data-layout=\"50-50\"><div class=\"wp-block-coblocks-row__inner has-no-padding has-no-margin is-stacked-on-mobile has-medium-gutter\">\n<div class=\"wp-block-coblocks-column coblocks-column-627165948676\" style=\"width:50.12%\"><div class=\"wp-block-coblocks-column__inner has-no-padding has-no-margin\">\n<figure class=\"wp-block-image size-full is-style-p24-corners\"><img loading=\"lazy\" decoding=\"async\" width=\"1024\" height=\"576\" src=\"https:\/\/dev.platform24.com\/wp-content\/uploads\/2023\/12\/skills-1024x576-1.webp\" alt=\"\" class=\"wp-image-11333\"\/><\/figure>\n\n\n\n\n\n<div style=\"height:30px\" aria-hidden=\"true\" class=\"wp-block-spacer\"><\/div>\n\n\n\n<div style=\"height:0px\" aria-hidden=\"true\" class=\"wp-block-spacer\"><\/div>\n\n\n\n<div class=\"wp-block-buttons is-content-justification-center is-layout-flex wp-container-core-buttons-is-layout-16018d1d wp-block-buttons-is-layout-flex\">\n<div class=\"wp-block-button\"><a class=\"wp-block-button__link wp-element-button\" href=\"https:\/\/platform24.com\/se\/seminarium-form-anvandbarhet-nyckel-till-framgang-case-study-region-vasternorrland\/\">L\u00e4s mer<\/a><\/div>\n<\/div>\n<\/div><\/div>\n\n\n\n<div class=\"wp-block-coblocks-column coblocks-column-627165948677\" style=\"width:49.88%\"><div class=\"wp-block-coblocks-column__inner has-no-padding has-no-margin\">\n<p class=\"has-color-red-orange-color has-text-color\">Maj 24, 2023, 16.00-16.30<\/p>\n\n\n\n<h2 class=\"wp-block-heading is-style-Title-content\"><strong>Anv\u00e4ndbarhet nyckel till framg\u00e5ng &#8211; case study Region V\u00e4sternorrland<\/strong><\/h2>\n\n\n\n<p>De flesta regioner har nu inf\u00f6rt digitala v\u00e5rdtj\u00e4nster f\u00f6r att \u00f6ka tillg\u00e4ngligheten och underl\u00e4tta f\u00f6r inv\u00e5narna.<\/p>\n\n\n\n<div style=\"height:18px\" aria-hidden=\"true\" class=\"wp-block-spacer\"><\/div>\n\n\n\n<div class=\"wp-block-coblocks-row coblocks-row-627172815487\" data-columns=\"2\" data-layout=\"66-33\"><div class=\"wp-block-coblocks-row__inner has-no-padding has-no-margin is-stacked-on-mobile has-custom-gutter\" style=\"--coblocks-custom-gutter:0.3em\">\n<div class=\"wp-block-coblocks-column coblocks-column-627172818202\" style=\"width:12.98%\"><div class=\"wp-block-coblocks-column__inner has-no-padding has-no-margin\">\n<figure class=\"wp-block-image size-full is-resized is-style-rounded\"><img decoding=\"async\" src=\"https:\/\/platform24.com\/se\/wp-content\/uploads\/sites\/5\/2022\/01\/authors-image.png\" alt=\"\" class=\"wp-image-2968\" style=\"width:56px;height:73px\"\/><\/figure>\n\n\n\n<div style=\"height:22px\" aria-hidden=\"true\" class=\"wp-block-spacer\"><\/div>\n\n\n\n<figure class=\"wp-block-image size-full is-resized is-style-rounded\"><img decoding=\"async\" src=\"https:\/\/platform24.com\/se\/wp-content\/uploads\/sites\/5\/2023\/04\/sara-johansson.jpeg\" alt=\"\" class=\"wp-image-5419\" style=\"width:56px;height:56px\"\/><\/figure>\n<\/div><\/div>\n\n\n\n<div class=\"wp-block-coblocks-column coblocks-column-627172818203\" style=\"width:86.22%\"><div class=\"wp-block-coblocks-column__inner has-no-padding has-no-margin\">\n<h4 class=\"wp-block-heading is-style-Menu-titles\"><strong><strong>Janniche Kristoffersen<\/strong><\/strong><\/h4>\n\n\n\n<h2 class=\"wp-block-heading is-style-Small-text\">Head of UX<\/h2>\n\n\n\n<p><\/p>\n\n\n\n<hr class=\"wp-block-separator has-alpha-channel-opacity\"\/>\n\n\n\n<p><\/p>\n\n\n\n<p class=\"has-color-blue-dark-blue-color has-text-color\"><strong><strong>Sara Johansson<\/strong><\/strong><\/p>\n\n\n\n<h2 class=\"wp-block-heading is-style-Small-text\">Region V\u00e4sternorrland<\/h2>\n\n\n\n<p><\/p>\n<\/div><\/div>\n<\/div><\/div>\n<\/div><\/div>\n<\/div><\/div>\n\n\n\n<div style=\"height:110px\" aria-hidden=\"true\" class=\"wp-block-spacer\"><\/div>\n\n\n\n<div class=\"wp-block-coblocks-row coblocks-row-627165941199\" data-columns=\"2\" data-layout=\"50-50\"><div class=\"wp-block-coblocks-row__inner has-no-padding has-no-margin is-stacked-on-mobile has-medium-gutter\">\n<div class=\"wp-block-coblocks-column coblocks-column-627165948676\" style=\"width:50.12%\"><div class=\"wp-block-coblocks-column__inner has-no-padding has-no-margin\">\n\n\n<figure class=\"wp-block-embed is-type-video is-provider-vimeo wp-block-embed-vimeo wp-embed-aspect-16-9 wp-has-aspect-ratio\"><div class=\"wp-block-embed__wrapper\">\n<iframe loading=\"lazy\" title=\"Tobias Perdahl - Ett va\u030ardsystem fo\u0308r hela patientens behov - en utopi\" src=\"https:\/\/player.vimeo.com\/video\/819826417?h=2c4234d112&amp;dnt=1&amp;app_id=122963\" width=\"474\" height=\"267\" frameborder=\"0\" allow=\"autoplay; fullscreen; picture-in-picture; clipboard-write\"><\/iframe>\n<\/div><\/figure>\n\n\n\n<div style=\"height:30px\" aria-hidden=\"true\" class=\"wp-block-spacer\"><\/div>\n\n\n\n<div style=\"height:0px\" aria-hidden=\"true\" class=\"wp-block-spacer\"><\/div>\n\n\n\n<div class=\"wp-block-buttons is-content-justification-center is-layout-flex wp-container-core-buttons-is-layout-16018d1d wp-block-buttons-is-layout-flex\">\n<div class=\"wp-block-button\"><a class=\"wp-block-button__link wp-element-button\" href=\"https:\/\/invitepeople.com\/public\/seminars\/aefb2d9ffc\">L\u00e4s mer<\/a><\/div>\n<\/div>\n<\/div><\/div>\n\n\n\n<div class=\"wp-block-coblocks-column coblocks-column-627165948677\" style=\"width:49.88%\"><div class=\"wp-block-coblocks-column__inner has-no-padding has-no-margin\">\n<p class=\"has-color-red-orange-color has-text-color\">Maj 24, 2023, 16.00-16.15<\/p>\n\n\n\n<h2 class=\"wp-block-heading is-style-Title-content\"><strong>Ett v\u00e5rdsystem f\u00f6r hela patientens behov \u2013 en utopi?<\/strong><\/h2>\n\n\n\n<p>De digifysiska v\u00e5rdresorna i prim\u00e4rv\u00e5rden har utvecklats snabbt n\u00e4r det g\u00e4ller de akuta och l\u00e4ttakuta h\u00e4lsotillst\u00e5nden och tillg\u00e4ngligheten i regionerna \u00f6kar nu kraftigt.<\/p>\n\n\n\n<div style=\"height:18px\" aria-hidden=\"true\" class=\"wp-block-spacer\"><\/div>\n\n\n\n<div class=\"wp-block-coblocks-row coblocks-row-627172815487\" data-columns=\"2\" data-layout=\"66-33\"><div class=\"wp-block-coblocks-row__inner has-no-padding has-no-margin is-stacked-on-mobile has-custom-gutter\" style=\"--coblocks-custom-gutter:0.3em\">\n<div class=\"wp-block-coblocks-column coblocks-column-627172818202\" style=\"width:12.98%\"><div class=\"wp-block-coblocks-column__inner has-no-padding has-no-margin\">\n<figure class=\"wp-block-image size-full is-resized is-style-rounded\"><img loading=\"lazy\" decoding=\"async\" width=\"960\" height=\"960\" src=\"https:\/\/platform24.com\/se\/wp-content\/uploads\/sites\/5\/2021\/10\/tobias-perdahl-doktor24-1-960x960-1.png\" alt=\"\" class=\"wp-image-1555\" style=\"width:56px\"\/><\/figure>\n<\/div><\/div>\n\n\n\n<div class=\"wp-block-coblocks-column coblocks-column-627172818203\" style=\"width:86.22%\"><div class=\"wp-block-coblocks-column__inner has-no-padding has-no-margin\">\n<h4 class=\"wp-block-heading is-style-Menu-titles\"><strong><strong>Tobias Perdahl<\/strong><\/strong><\/h4>\n\n\n\n<h2 class=\"wp-block-heading is-style-Small-text\">Medicinsk chef<\/h2>\n<\/div><\/div>\n<\/div><\/div>\n<\/div><\/div>\n<\/div><\/div>\n\n\n\n<div style=\"height:110px\" aria-hidden=\"true\" class=\"wp-block-spacer\"><\/div>\n\n\n\n<div class=\"wp-block-coblocks-row coblocks-row-627165941199\" data-columns=\"2\" data-layout=\"50-50\"><div class=\"wp-block-coblocks-row__inner has-no-padding has-no-margin is-stacked-on-mobile has-medium-gutter\">\n<div class=\"wp-block-coblocks-column coblocks-column-627165948676\" style=\"width:50.12%\"><div class=\"wp-block-coblocks-column__inner has-no-padding has-no-margin\">\n\n\n<figure class=\"wp-block-embed is-type-video is-provider-vimeo wp-block-embed-vimeo wp-embed-aspect-16-9 wp-has-aspect-ratio\"><div class=\"wp-block-embed__wrapper\">\n<iframe loading=\"lazy\" title=\"Tobias Perdahl - En modell fo\u0308r so\u0308mlo\u0308s va\u030ardinformation mellan kommun och region\" src=\"https:\/\/player.vimeo.com\/video\/821177658?h=96ff3d5ba7&amp;dnt=1&amp;app_id=122963\" width=\"474\" height=\"267\" frameborder=\"0\" allow=\"autoplay; fullscreen; picture-in-picture; clipboard-write\"><\/iframe>\n<\/div><\/figure>\n\n\n\n<div style=\"height:30px\" aria-hidden=\"true\" class=\"wp-block-spacer\"><\/div>\n\n\n\n<div style=\"height:0px\" aria-hidden=\"true\" class=\"wp-block-spacer\"><\/div>\n\n\n\n<div class=\"wp-block-buttons is-content-justification-center is-layout-flex wp-container-core-buttons-is-layout-16018d1d wp-block-buttons-is-layout-flex\">\n<div class=\"wp-block-button\"><a class=\"wp-block-button__link wp-element-button\" href=\"https:\/\/invitepeople.com\/public\/seminars\/ff31263485\">L\u00e4s mer<\/a><\/div>\n<\/div>\n<\/div><\/div>\n\n\n\n<div class=\"wp-block-coblocks-column coblocks-column-627165948677\" style=\"width:49.88%\"><div class=\"wp-block-coblocks-column__inner has-no-padding has-no-margin\">\n<p class=\"has-color-red-orange-color has-text-color\">Maj 24, 2023, 16.30-17.00<\/p>\n\n\n\n<h2 class=\"wp-block-heading is-style-Title-content\"><strong>En modell f\u00f6r s\u00f6ml\u00f6s v\u00e5rdinformation mellan kommun och region<\/strong><\/h2>\n\n\n\n<p>M\u00e5nga av v\u00e5ra sjukaste patienter finns i den kommunala omsorgen. Men bristande informationsutbyte och v\u00e5rddokumentation mellan kommunal och regional v\u00e5rdverksamhet skapar informationsf\u00f6rlust och ineffektivitet.<\/p>\n\n\n\n<div style=\"height:18px\" aria-hidden=\"true\" class=\"wp-block-spacer\"><\/div>\n\n\n\n<div class=\"wp-block-coblocks-row coblocks-row-627172815487\" data-columns=\"2\" data-layout=\"66-33\"><div class=\"wp-block-coblocks-row__inner has-no-padding has-no-margin is-stacked-on-mobile has-custom-gutter\" style=\"--coblocks-custom-gutter:0.3em\">\n<div class=\"wp-block-coblocks-column coblocks-column-627172818202\" style=\"width:12.98%\"><div class=\"wp-block-coblocks-column__inner has-no-padding has-no-margin\">\n<figure class=\"wp-block-image size-full is-resized is-style-rounded\"><img loading=\"lazy\" decoding=\"async\" width=\"960\" height=\"960\" src=\"https:\/\/platform24.com\/se\/wp-content\/uploads\/sites\/5\/2021\/10\/tobias-perdahl-doktor24-1-960x960-1.png\" alt=\"\" class=\"wp-image-1555\" style=\"width:56px;height:56px\"\/><\/figure>\n<\/div><\/div>\n\n\n\n<div class=\"wp-block-coblocks-column coblocks-column-627172818203\" style=\"width:86.22%\"><div class=\"wp-block-coblocks-column__inner has-no-padding has-no-margin\">\n<h4 class=\"wp-block-heading is-style-Menu-titles\"><strong><strong>Tobias Perdahl<\/strong><\/strong><\/h4>\n\n\n\n<h2 class=\"wp-block-heading is-style-Small-text\">Medicinsk chef<\/h2>\n<\/div><\/div>\n<\/div><\/div>\n<\/div><\/div>\n<\/div><\/div>\n\n\n\n<div style=\"height:110px\" aria-hidden=\"true\" class=\"wp-block-spacer\"><\/div>\n\n\n\n<div class=\"wp-block-coblocks-row coblocks-row-627165941199\" data-columns=\"2\" data-layout=\"50-50\"><div class=\"wp-block-coblocks-row__inner has-no-padding has-no-margin is-stacked-on-mobile has-medium-gutter\">\n<div class=\"wp-block-coblocks-column coblocks-column-627165948676\" style=\"width:50.12%\"><div class=\"wp-block-coblocks-column__inner has-no-padding has-no-margin\">\n\n\n<figure class=\"wp-block-embed is-type-video is-provider-vimeo wp-block-embed-vimeo wp-embed-aspect-16-9 wp-has-aspect-ratio\"><div class=\"wp-block-embed__wrapper\">\n<iframe loading=\"lazy\" title=\"Jonathan Ilicki _ Digital triage \u2013 a paradigm shift in healthcare\" src=\"https:\/\/player.vimeo.com\/video\/821177436?h=105301ac89&amp;dnt=1&amp;app_id=122963\" width=\"474\" height=\"267\" frameborder=\"0\" allow=\"autoplay; fullscreen; picture-in-picture; clipboard-write\"><\/iframe>\n<\/div><\/figure>\n\n\n\n<div style=\"height:30px\" aria-hidden=\"true\" class=\"wp-block-spacer\"><\/div>\n\n\n\n<div style=\"height:0px\" aria-hidden=\"true\" class=\"wp-block-spacer\"><\/div>\n\n\n\n<div class=\"wp-block-buttons is-content-justification-center is-layout-flex wp-container-core-buttons-is-layout-16018d1d wp-block-buttons-is-layout-flex\">\n<div class=\"wp-block-button\"><a class=\"wp-block-button__link wp-element-button\" href=\"https:\/\/platform24.com\/se\/seminarium-form-digital-triage-a-paradigm-shift-in-healthcare\/\">L\u00e4s mer<\/a><\/div>\n<\/div>\n<\/div><\/div>\n\n\n\n<div class=\"wp-block-coblocks-column coblocks-column-627165948677\" style=\"width:49.88%\"><div class=\"wp-block-coblocks-column__inner has-no-padding has-no-margin\">\n<p class=\"has-color-red-orange-color has-text-color\">Maj 25, 2023, 13.35-13.50<\/p>\n\n\n\n<h2 class=\"wp-block-heading is-style-Title-content\"><strong>Digital triage \u2013 a paradigm shift in healthcare<\/strong><\/h2>\n\n\n\n<p>A groundbreaking shift is underway as Sweden digitizes its triage process, revolutionizing one of the most crucial processes in healthcare.<\/p>\n\n\n\n<p><\/p>\n\n\n\n<div style=\"height:18px\" aria-hidden=\"true\" class=\"wp-block-spacer\"><\/div>\n\n\n\n<div class=\"wp-block-coblocks-row coblocks-row-627172815487\" data-columns=\"2\" data-layout=\"66-33\"><div class=\"wp-block-coblocks-row__inner has-no-padding has-no-margin is-stacked-on-mobile has-custom-gutter\" style=\"--coblocks-custom-gutter:0.3em\">\n<div class=\"wp-block-coblocks-column coblocks-column-627172818202\" style=\"width:12.98%\"><div class=\"wp-block-coblocks-column__inner has-no-padding has-no-margin\">\n<figure class=\"wp-block-image size-full is-resized is-style-rounded\"><img loading=\"lazy\" decoding=\"async\" width=\"960\" height=\"960\" src=\"https:\/\/platform24.com\/se\/wp-content\/uploads\/sites\/5\/2021\/10\/dsc5351-1-960x960-1.png\" alt=\"\" class=\"wp-image-1548\" style=\"width:73px;height:auto\"\/><\/figure>\n<\/div><\/div>\n\n\n\n<div class=\"wp-block-coblocks-column coblocks-column-627172818203\" style=\"width:86.22%\"><div class=\"wp-block-coblocks-column__inner has-no-padding has-no-margin\">\n<h2 class=\"wp-block-heading is-style-Menu-titles\"><strong>Jonathan Ilicki<\/strong><\/h2>\n\n\n\n<h2 class=\"wp-block-heading is-style-Small-text\">Innovationschef<\/h2>\n<\/div><\/div>\n<\/div><\/div>\n<\/div><\/div>\n<\/div><\/div>\n\n\n\n<div style=\"height:110px\" aria-hidden=\"true\" class=\"wp-block-spacer\"><\/div>\n\n\n\n<div class=\"wp-block-coblocks-row coblocks-row-627165941199\" data-columns=\"2\" data-layout=\"50-50\"><div class=\"wp-block-coblocks-row__inner has-no-padding has-no-margin is-stacked-on-mobile has-medium-gutter\">\n<div class=\"wp-block-coblocks-column coblocks-column-627165948676\" style=\"width:50.12%\"><div class=\"wp-block-coblocks-column__inner has-no-padding has-no-margin\">\n\n\n<figure class=\"wp-block-embed is-type-video is-provider-vimeo wp-block-embed-vimeo wp-embed-aspect-16-9 wp-has-aspect-ratio\"><div class=\"wp-block-embed__wrapper\">\n<iframe loading=\"lazy\" title=\"Jonathan Ilicki - Va\u0308rldsunik studie- Hur kan vi bedo\u0308ma patientsa\u0308kerheten i digital triage\" src=\"https:\/\/player.vimeo.com\/video\/821177593?h=32b704bc7c&amp;dnt=1&amp;app_id=122963\" width=\"474\" height=\"267\" frameborder=\"0\" allow=\"autoplay; fullscreen; picture-in-picture; clipboard-write\"><\/iframe>\n<\/div><\/figure>\n\n\n\n<div style=\"height:30px\" aria-hidden=\"true\" class=\"wp-block-spacer\"><\/div>\n\n\n\n<div style=\"height:0px\" aria-hidden=\"true\" class=\"wp-block-spacer\"><\/div>\n\n\n\n<div class=\"wp-block-buttons is-content-justification-center is-layout-flex wp-container-core-buttons-is-layout-16018d1d wp-block-buttons-is-layout-flex\">\n<div class=\"wp-block-button\"><a class=\"wp-block-button__link wp-element-button\" href=\"https:\/\/invitepeople.com\/public\/seminars\/fbf6806180\">L\u00e4s mer<\/a><\/div>\n<\/div>\n<\/div><\/div>\n\n\n\n<div class=\"wp-block-coblocks-column coblocks-column-627165948677\" style=\"width:49.88%\"><div class=\"wp-block-coblocks-column__inner has-no-padding has-no-margin\">\n<p class=\"has-color-red-orange-color has-text-color\">Maj 25, 2023. 11:10-11:30<\/p>\n\n\n\n<h2 class=\"wp-block-heading is-style-Title-content\"><strong>V\u00e4rldsunik studie: Hur kan vi bed\u00f6ma patients\u00e4kerheten i digital triage?<\/strong><\/h2>\n\n\n\n<p>F\u00f6rel\u00e4sningen presenterar den f\u00f6rsta studien som anv\u00e4nder historiska feltriagerade fall.<\/p>\n\n\n\n<p><\/p>\n\n\n\n<div style=\"height:18px\" aria-hidden=\"true\" class=\"wp-block-spacer\"><\/div>\n\n\n\n<div class=\"wp-block-coblocks-row coblocks-row-627172815487\" data-columns=\"2\" data-layout=\"66-33\"><div class=\"wp-block-coblocks-row__inner has-no-padding has-no-margin is-stacked-on-mobile has-custom-gutter\" style=\"--coblocks-custom-gutter:0.3em\">\n<div class=\"wp-block-coblocks-column coblocks-column-627172818202\" style=\"width:12.98%\"><div class=\"wp-block-coblocks-column__inner has-no-padding has-no-margin\">\n<figure class=\"wp-block-image size-full is-resized is-style-rounded\"><img loading=\"lazy\" decoding=\"async\" width=\"960\" height=\"960\" src=\"https:\/\/platform24.com\/se\/wp-content\/uploads\/sites\/5\/2021\/10\/dsc5351-1-960x960-1.png\" alt=\"\" class=\"wp-image-1548\" style=\"width:56px;height:56px\"\/><\/figure>\n<\/div><\/div>\n\n\n\n<div class=\"wp-block-coblocks-column coblocks-column-627172818203\" style=\"width:86.22%\"><div class=\"wp-block-coblocks-column__inner has-no-padding has-no-margin\">\n<h2 class=\"wp-block-heading is-style-Menu-titles\"><strong>Jonathan Ilicki<\/strong><\/h2>\n\n\n\n<h2 class=\"wp-block-heading is-style-Small-text\">Innovationschef<\/h2>\n<\/div><\/div>\n<\/div><\/div>\n<\/div><\/div>\n<\/div><\/div>\n\n\n\n<p><\/p>\n<\/div><\/div>\n<\/section>\n\n\n","protected":false},"excerpt":{"rendered":"<p>Vitalis \u00e4r Nordens ledande e-h\u00e4lsom\u00f6te. H\u00e4r m\u00f6ts representanter ifr\u00e5n kommun, regioner, privata v\u00e5rdgivare, myndigheter, akademi och industri f\u00f6r kompetensutveckling, erfarenhetsutbyte och inspiration.<\/p>\n","protected":false},"author":1,"featured_media":9940,"comment_status":"closed","ping_status":"closed","template":"","meta":{"_acf_changed":false,"_coblocks_attr":"","_coblocks_dimensions":"","_coblocks_responsive_height":"","_coblocks_accordion_ie_support":"","_EventAllDay":true,"_EventTimezone":"UTC+0","_EventStartDate":"2023-05-23 00:00:00","_EventEndDate":"2023-05-25 23:59:59","_EventStartDateUTC":"2023-05-23 00:00:00","_EventEndDateUTC":"2023-05-25 23:59:59","_EventShowMap":false,"_EventShowMapLink":false,"_EventURL":"","_EventCost":"","_EventCostDescription":"","_EventCurrencySymbol":"$","_EventCurrencyCode":"USD","_EventCurrencyPosition":"prefix","_EventDateTimeSeparator":",","_EventTimeRangeSeparator":" - ","_EventOrganizerID":[],"_EventVenueID":[],"_OrganizerEmail":"","_OrganizerPhone":"","_OrganizerWebsite":"","_VenueAddress":"","_VenueCity":"","_VenueCountry":"","_VenueProvince":"","_VenueState":"","_VenueZip":"","_VenuePhone":"","_VenueURL":"","_VenueStateProvince":"","_VenueLat":"","_VenueLng":"","_VenueShowMap":false,"_VenueShowMapLink":false,"_tribe_events_status":"","_tribe_events_status_reason":"","footnotes":""},"tags":[180,179,181],"tribe_events_cat":[],"class_list":["post-11188","tribe_events","type-tribe_events","status-publish","has-post-thumbnail","hentry","tag-halsa","tag-massa","tag-vitalis"],"acf":[],"yoast_head":"<!-- This site is optimized with the Yoast SEO plugin v23.0 - https:\/\/yoast.com\/wordpress\/plugins\/seo\/ -->\n<title>Vitalis 23-25 Maj 2023 - Platform24<\/title>\n<meta name=\"robots\" content=\"noindex, follow, max-snippet:-1, max-image-preview:large, max-video-preview:-1\" \/>\n<meta property=\"og:locale\" content=\"sv_SE\" \/>\n<meta property=\"og:type\" content=\"article\" \/>\n<meta property=\"og:title\" content=\"Vitalis 23-25 Maj 2023 - Platform24\" \/>\n<meta property=\"og:description\" content=\"Vitalis \u00e4r Nordens ledande e-h\u00e4lsom\u00f6te. H\u00e4r m\u00f6ts representanter ifr\u00e5n kommun, regioner, privata v\u00e5rdgivare, myndigheter, akademi och industri f\u00f6r kompetensutveckling, erfarenhetsutbyte och inspiration.\" \/>\n<meta property=\"og:url\" content=\"https:\/\/dev.platform24.com\/sv\/event\/vitalis-23-25-maj-2023\/\" \/>\n<meta property=\"og:site_name\" content=\"Platform24\" \/>\n<meta property=\"article:modified_time\" content=\"2023-12-28T10:58:17+00:00\" \/>\n<meta property=\"og:image\" content=\"https:\/\/dev.platform24.com\/wp-content\/uploads\/2023\/03\/vitalis-2023-web.png\" \/>\n\t<meta property=\"og:image:width\" content=\"1200\" \/>\n\t<meta property=\"og:image:height\" content=\"628\" \/>\n\t<meta property=\"og:image:type\" content=\"image\/png\" \/>\n<meta name=\"twitter:card\" content=\"summary_large_image\" \/>\n<meta name=\"twitter:label1\" content=\"Ber\u00e4knad l\u00e4stid\" \/>\n\t<meta name=\"twitter:data1\" content=\"11 minuter\" \/>\n<script type=\"application\/ld+json\" class=\"yoast-schema-graph\">{\"@context\":\"https:\/\/schema.org\",\"@graph\":[{\"@type\":\"WebPage\",\"@id\":\"https:\/\/dev.platform24.com\/sv\/event\/vitalis-23-25-maj-2023\/\",\"url\":\"https:\/\/dev.platform24.com\/sv\/event\/vitalis-23-25-maj-2023\/\",\"name\":\"Vitalis 23-25 Maj 2023 - Platform24\",\"isPartOf\":{\"@id\":\"https:\/\/dev.platform24.com\/sv\/#website\"},\"primaryImageOfPage\":{\"@id\":\"https:\/\/dev.platform24.com\/sv\/event\/vitalis-23-25-maj-2023\/#primaryimage\"},\"image\":{\"@id\":\"https:\/\/dev.platform24.com\/sv\/event\/vitalis-23-25-maj-2023\/#primaryimage\"},\"thumbnailUrl\":\"https:\/\/dev.platform24.com\/wp-content\/uploads\/2023\/03\/vitalis-2023-web.png\",\"datePublished\":\"2023-12-12T10:57:09+00:00\",\"dateModified\":\"2023-12-28T10:58:17+00:00\",\"breadcrumb\":{\"@id\":\"https:\/\/dev.platform24.com\/sv\/event\/vitalis-23-25-maj-2023\/#breadcrumb\"},\"inLanguage\":\"sv-SE\",\"potentialAction\":[{\"@type\":\"ReadAction\",\"target\":[\"https:\/\/dev.platform24.com\/sv\/event\/vitalis-23-25-maj-2023\/\"]}]},{\"@type\":\"ImageObject\",\"inLanguage\":\"sv-SE\",\"@id\":\"https:\/\/dev.platform24.com\/sv\/event\/vitalis-23-25-maj-2023\/#primaryimage\",\"url\":\"https:\/\/dev.platform24.com\/wp-content\/uploads\/2023\/03\/vitalis-2023-web.png\",\"contentUrl\":\"https:\/\/dev.platform24.com\/wp-content\/uploads\/2023\/03\/vitalis-2023-web.png\",\"width\":1200,\"height\":628},{\"@type\":\"BreadcrumbList\",\"@id\":\"https:\/\/dev.platform24.com\/sv\/event\/vitalis-23-25-maj-2023\/#breadcrumb\",\"itemListElement\":[{\"@type\":\"ListItem\",\"position\":1,\"name\":\"Home\",\"item\":\"https:\/\/dev.platform24.com\/sv\/\"},{\"@type\":\"ListItem\",\"position\":2,\"name\":\"Events\",\"item\":\"https:\/\/dev.platform24.com\/sv\/events-archive\/\"},{\"@type\":\"ListItem\",\"position\":3,\"name\":\"Vitalis 23-25 Maj 2023\"}]},{\"@type\":\"WebSite\",\"@id\":\"https:\/\/dev.platform24.com\/sv\/#website\",\"url\":\"https:\/\/dev.platform24.com\/sv\/\",\"name\":\"Platform24\",\"description\":\"Modular healthtech for seamless care\",\"potentialAction\":[{\"@type\":\"SearchAction\",\"target\":{\"@type\":\"EntryPoint\",\"urlTemplate\":\"https:\/\/dev.platform24.com\/sv\/?s={search_term_string}\"},\"query-input\":\"required name=search_term_string\"}],\"inLanguage\":\"sv-SE\"}]}<\/script>\n<!-- \/ Yoast SEO plugin. -->","yoast_head_json":{"title":"Vitalis 23-25 Maj 2023 - Platform24","robots":{"index":"noindex","follow":"follow","max-snippet":"max-snippet:-1","max-image-preview":"max-image-preview:large","max-video-preview":"max-video-preview:-1"},"og_locale":"sv_SE","og_type":"article","og_title":"Vitalis 23-25 Maj 2023 - Platform24","og_description":"Vitalis \u00e4r Nordens ledande e-h\u00e4lsom\u00f6te. H\u00e4r m\u00f6ts representanter ifr\u00e5n kommun, regioner, privata v\u00e5rdgivare, myndigheter, akademi och industri f\u00f6r kompetensutveckling, erfarenhetsutbyte och inspiration.","og_url":"https:\/\/dev.platform24.com\/sv\/event\/vitalis-23-25-maj-2023\/","og_site_name":"Platform24","article_modified_time":"2023-12-28T10:58:17+00:00","og_image":[{"width":1200,"height":628,"url":"https:\/\/dev.platform24.com\/wp-content\/uploads\/2023\/03\/vitalis-2023-web.png","type":"image\/png"}],"twitter_card":"summary_large_image","twitter_misc":{"Ber\u00e4knad l\u00e4stid":"11 minuter"},"schema":{"@context":"https:\/\/schema.org","@graph":[{"@type":"WebPage","@id":"https:\/\/dev.platform24.com\/sv\/event\/vitalis-23-25-maj-2023\/","url":"https:\/\/dev.platform24.com\/sv\/event\/vitalis-23-25-maj-2023\/","name":"Vitalis 23-25 Maj 2023 - Platform24","isPartOf":{"@id":"https:\/\/dev.platform24.com\/sv\/#website"},"primaryImageOfPage":{"@id":"https:\/\/dev.platform24.com\/sv\/event\/vitalis-23-25-maj-2023\/#primaryimage"},"image":{"@id":"https:\/\/dev.platform24.com\/sv\/event\/vitalis-23-25-maj-2023\/#primaryimage"},"thumbnailUrl":"https:\/\/dev.platform24.com\/wp-content\/uploads\/2023\/03\/vitalis-2023-web.png","datePublished":"2023-12-12T10:57:09+00:00","dateModified":"2023-12-28T10:58:17+00:00","breadcrumb":{"@id":"https:\/\/dev.platform24.com\/sv\/event\/vitalis-23-25-maj-2023\/#breadcrumb"},"inLanguage":"sv-SE","potentialAction":[{"@type":"ReadAction","target":["https:\/\/dev.platform24.com\/sv\/event\/vitalis-23-25-maj-2023\/"]}]},{"@type":"ImageObject","inLanguage":"sv-SE","@id":"https:\/\/dev.platform24.com\/sv\/event\/vitalis-23-25-maj-2023\/#primaryimage","url":"https:\/\/dev.platform24.com\/wp-content\/uploads\/2023\/03\/vitalis-2023-web.png","contentUrl":"https:\/\/dev.platform24.com\/wp-content\/uploads\/2023\/03\/vitalis-2023-web.png","width":1200,"height":628},{"@type":"BreadcrumbList","@id":"https:\/\/dev.platform24.com\/sv\/event\/vitalis-23-25-maj-2023\/#breadcrumb","itemListElement":[{"@type":"ListItem","position":1,"name":"Home","item":"https:\/\/dev.platform24.com\/sv\/"},{"@type":"ListItem","position":2,"name":"Events","item":"https:\/\/dev.platform24.com\/sv\/events-archive\/"},{"@type":"ListItem","position":3,"name":"Vitalis 23-25 Maj 2023"}]},{"@type":"WebSite","@id":"https:\/\/dev.platform24.com\/sv\/#website","url":"https:\/\/dev.platform24.com\/sv\/","name":"Platform24","description":"Modular healthtech for seamless care","potentialAction":[{"@type":"SearchAction","target":{"@type":"EntryPoint","urlTemplate":"https:\/\/dev.platform24.com\/sv\/?s={search_term_string}"},"query-input":"required name=search_term_string"}],"inLanguage":"sv-SE"}]}},"_links":{"self":[{"href":"https:\/\/dev.platform24.com\/sv\/wp-json\/wp\/v2\/tribe_events\/11188","targetHints":{"allow":["GET"]}}],"collection":[{"href":"https:\/\/dev.platform24.com\/sv\/wp-json\/wp\/v2\/tribe_events"}],"about":[{"href":"https:\/\/dev.platform24.com\/sv\/wp-json\/wp\/v2\/types\/tribe_events"}],"author":[{"embeddable":true,"href":"https:\/\/dev.platform24.com\/sv\/wp-json\/wp\/v2\/users\/1"}],"replies":[{"embeddable":true,"href":"https:\/\/dev.platform24.com\/sv\/wp-json\/wp\/v2\/comments?post=11188"}],"version-history":[{"count":9,"href":"https:\/\/dev.platform24.com\/sv\/wp-json\/wp\/v2\/tribe_events\/11188\/revisions"}],"predecessor-version":[{"id":11965,"href":"https:\/\/dev.platform24.com\/sv\/wp-json\/wp\/v2\/tribe_events\/11188\/revisions\/11965"}],"wp:featuredmedia":[{"embeddable":true,"href":"https:\/\/dev.platform24.com\/sv\/wp-json\/wp\/v2\/media\/9940"}],"wp:attachment":[{"href":"https:\/\/dev.platform24.com\/sv\/wp-json\/wp\/v2\/media?parent=11188"}],"wp:term":[{"taxonomy":"post_tag","embeddable":true,"href":"https:\/\/dev.platform24.com\/sv\/wp-json\/wp\/v2\/tags?post=11188"},{"taxonomy":"tribe_events_cat","embeddable":true,"href":"https:\/\/dev.platform24.com\/sv\/wp-json\/wp\/v2\/tribe_events_cat?post=11188"}],"curies":[{"name":"wp","href":"https:\/\/api.w.org\/{rel}","templated":true}]}}